{"id":157,"date":"2022-02-07T12:06:18","date_gmt":"2022-02-07T12:06:18","guid":{"rendered":"https:\/\/ibclinicadental.com\/instalacions-2"},"modified":"2025-03-05T18:45:36","modified_gmt":"2025-03-05T18:45:36","slug":"ortodoncia","status":"publish","type":"page","link":"https:\/\/ibclinicadental.com\/ca\/ortodoncia","title":{"rendered":"Ortod\u00f2ncia"},"content":{"rendered":"<div class=\"wpb-content-wrapper\"><p>[vc_row full_width=&#8221;stretch_row&#8221; content_placement=&#8221;middle&#8221; css_animation=&#8221;none&#8221; el_class=&#8221;laclinica&#8221; css=&#8221;.vc_custom_1644494633535{padding-top: 4vw !important;padding-bottom: 4vw !important;background-color: #ffffff !important;}&#8221;][vc_column][vc_row_inner content_placement=&#8221;top&#8221; css=&#8221;.vc_custom_1644494371713{padding-bottom: 4vw !important;}&#8221;][vc_column_inner width=&#8221;1\/3&#8243;][\/vc_column_inner][vc_column_inner width=&#8221;1\/3&#8243;][vc_column_text]<\/p>\n<h1 style=\"text-align: center; letter-spacing: 3px;\">ORTOD\u00d2NCIA<\/h1>\n<p>[\/vc_column_text][vc_separator color=&#8221;black&#8221;][\/vc_column_inner][vc_column_inner width=&#8221;1\/3&#8243;][\/vc_column_inner][\/vc_row_inner][vc_row_inner content_placement=&#8221;top&#8221; css=&#8221;.vc_custom_1644502720790{padding-top: 6vw !important;}&#8221;][vc_column_inner][vc_column_text css=&#8221;.vc_custom_1667549339988{margin-bottom: 30px !important;}&#8221;]<\/p>\n<h2 style=\"text-align: center;\">Tipus d&#8217;ortod\u00f2ncia<\/h2>\n<p>[\/vc_column_text][vc_empty_space height=&#8221;20&#8243;][vc_column_text el_class=&#8221;negre&#8221;]<\/p>\n<p style=\"text-align: left;\"><a href=\"\/?page_id=157\"><span style=\"color: black;\">Ortod\u00f2ncia Invisible a Tarragona<\/span><\/a> , ortod\u00f2ncia est\u00e8tica, ortod\u00f2ncia convencional amb brackets met\u00e0l\u00b7lics o amb brackets cer\u00e0mics, alineadors d&#8217;ortod\u00f2ncia invisibles Invisalign, cada cop hi ha m\u00e9s opcions per al teu tractament.<\/p>\n<p style=\"text-align: left;\">No creiem que hi hagi un sol tipus de sistema d&#8217;ortod\u00f2ncia per resoldre tots els casos, hi ha vegades que un cas quedar\u00e0 m\u00e9s ben acabat amb un altre que, a cada sistema d&#8217;ortod\u00f2ncia i persona el moviment dels dents \u00e9s diferent, per la qual cosa, nosaltres t&#8217;assessorem sobre els pros i els contres de cadasc\u00fa pel teu cas, per\u00f2 la darrera paraula sempre la tindr\u00e0s tu.<\/p>\n<p>[\/vc_column_text][\/vc_column_inner][\/vc_row_inner][vc_row_inner content_placement=&#8221;top&#8221;][vc_column_inner][vc_column_text css=&#8221;.vc_custom_1667549352664{margin-bottom: 30px !important;}&#8221;]<\/p>\n<h3 style=\"text-align: center;\">La nostra meta<\/h3>\n<p>[\/vc_column_text][vc_empty_space height=&#8221;20&#8243;][vc_column_text el_class=&#8221;negre&#8221;]<\/p>\n<p style=\"text-align: left;\">Els teus dents saludables, alineats i que els resultats del tractament d&#8217;ortod\u00f2ncia es mantinguin estables en el temps.<\/p>\n<p style=\"text-align: left;\">No volem que perdis el teu temps, els teus diners i els teus esfor\u00e7os en fer tractaments d&#8217;ortod\u00f2ncia una vegada i una altra, per aix\u00f2 ho fem b\u00e9 des del principi basant-nos en un bon diagn\u00f2stic com la base del teu pla de tractament .<\/p>\n<p>[\/vc_column_text][\/vc_column_inner][\/vc_row_inner][\/vc_column][\/vc_row][vc_row][vc_column][vc_column_text]<\/p>\n<h3 style=\"text-align: center;\">Aquests s\u00f3n els diferents tipus d&#8217;ortod\u00f2ncia amb qu\u00e8 treballem a <a href=\"https:\/\/ibclinicadental.com\/ca\"><span style=\"color: black;\">IB Cl\u00ednica Dental a Tarragona<\/span><\/a> :<\/h3>\n<p>[\/vc_column_text][\/vc_column][\/vc_row][vc_row content_placement=&#8221;middle&#8221; css_animation=&#8221;none&#8221; el_class=&#8221;laclinica&#8221; css=&#8221;.vc_custom_1644401029645{padding-top: 10vw !important;padding-bottom: 10vw !important;}&#8221;][vc_column width=&#8221;1\/2&#8243; css=&#8221;.vc_custom_1616757811868{padding-right: 4vw !important;}&#8221;][vc_single_image image=&#8221;556&#8243; img_size=&#8221;large&#8221; css_animation=&#8221;bottom-to-top&#8221; el_class=&#8221;homepage-image-intro&#8221;][\/vc_column][vc_column width=&#8221;1\/2&#8243; css=&#8221;.vc_custom_1644502770012{padding-left: 4vw !important;}&#8221;][vc_column_text css=&#8221;.vc_custom_1644502350139{margin-bottom: 2vw !important;}&#8221;]<\/p>\n<h3>Ortod\u00f2ncia amb invisalign o alineadors<\/h3>\n<p>[\/vc_column_text][vc_column_text el_class=&#8221;negre&#8221;]L&#8217;ortod\u00f2ncia Invisalign s\u00f3n alineadors invisibles de pl\u00e0stic que has d&#8217;anar canviant cada 7-15 dies per un set nou, perqu\u00e8 els dents es moguin fins a arribar a la seva posici\u00f3 adequada.<\/p>\n<p>S\u00f3n pr\u00e0cticament imperceptibles i totalment personalitzats.<\/p>\n<p>La gran avantatge dels alineadors d&#8217;Invisalign \u00e9s que a m\u00e9s s\u00f3n removibles, cosa que ajuda que puguis raspallar els teus dents i menjar com ho fas cada dia.[\/vc_column_text][\/vc_column][\/vc_row][vc_row content_placement=&#8221;middle&#8221; css_animation=&#8221;none&#8221; el_class=&#8221;laclinica&#8221; css=&#8221;.vc_custom_1617896988632{padding-bottom: 10vw !important;}&#8221;][vc_column width=&#8221;1\/2&#8243; css=&#8221;.vc_custom_1616757811868{padding-right: 4vw !important;}&#8221;][vc_column_text css=&#8221;.vc_custom_1644502356335{margin-bottom: 2vw !important;}&#8221;]<\/p>\n<h3>Ortod\u00f2ncia amb brackets est\u00e8tics i met\u00e0l\u00b7lics<\/h3>\n<p>[\/vc_column_text][vc_column_text el_class=&#8221;negre&#8221;]Aquest tipus d&#8217;ortod\u00f2ncia \u00e9s la m\u00e9s coneguda, els brackets de tota la vida que van col\u00b7locats a la cara exterior del dent i funcionen a for\u00e7a de canviar els gruixos dels alambres que van aplicant la for\u00e7a necess\u00e0ria per portar a poc a poc els dents al seu lloc.<\/p>\n<p>Ja sigui que tries la versi\u00f3 cl\u00e0ssica de brackets met\u00e0l\u00b7lics o la versi\u00f3 est\u00e8tica de brackets cer\u00e0mics, aquesta soluci\u00f3 t&#8217;ofereix m\u00faltiples ventajas destacant la relaci\u00f3 qualitat preu, \u00e9s a dir dins del rang de preus, els brackets solen ser els m\u00e9s econ\u00f2mics i amb ells es poden aconseguir moviments de manera m\u00e9s senzilla.[\/vc_column_text][\/vc_column][vc_column width=&#8221;1\/2&#8243; css=&#8221;.vc_custom_1644502775022{padding-left: 4vw !important;}&#8221;][vc_single_image image=&#8221;558&#8243; img_size=&#8221;large&#8221; css_animation=&#8221;bottom-to-top&#8221; el_class=&#8221;homepage-image-intro&#8221;][\/vc_column][\/vc_row][vc_row full_width=&#8221;stretch_row&#8221; content_placement=&#8221;middle&#8221; css_animation=&#8221;none&#8221; el_class=&#8221;laclinica&#8221; css=&#8221;.vc_custom_1644401341194{padding-top: 6vw !important;padding-bottom: 6vw !important;background-color: #f5f5f5 !important;}&#8221;][vc_column css=&#8221;.vc_custom_1616757811868{padding-right: 4vw !important;}&#8221;][vc_column_text css=&#8221;.vc_custom_1667474789706{margin-bottom: 2vw !important;}&#8221;]<\/p>\n<h3 style=\"text-align: center;\">Com \u00e9s un tractament d&#8217;ortod\u00f2ncia?<\/h3>\n<p>[\/vc_column_text][vc_row_inner css=&#8221;.vc_custom_1644401845749{padding-top: 4vw !important;}&#8221;][vc_column_inner][vc_column_text css=&#8221;.vc_custom_1644502500367{margin-bottom: 4vw !important;}&#8221;]<\/p>\n<h3 style=\"text-align: left;\">1. Primera visita d&#8217;ortod\u00f2ncia<\/h3>\n<p>[\/vc_column_text][vc_column_text el_class=&#8221;negre&#8221;]<\/p>\n<p style=\"text-align: left;\">La primera visita de valoraci\u00f3 per ortod\u00f2ncia, \u00e9s el primer apropament a nosaltres, un dels moments m\u00e9s sensibles en qu\u00e8 exposeu les vostres necessitats i expectatives sobre la vostra salut dental. La Dra B\u00e0rbara Anento \u00e9s la nostra ortodoncista, i que et rebreu en aquesta primera visita.<\/p>\n<p>[\/vc_column_text][vc_column_text css=&#8221;.vc_custom_1644502507182{margin-bottom: 2vw !important;padding-top: 4vw !important;}&#8221;]<\/p>\n<h3 style=\"text-align: left;\">2. Estudi d&#8217;ortod\u00f2ncia<\/h3>\n<p>[\/vc_column_text][vc_column_text el_class=&#8221;negre&#8221;]<\/p>\n<p style=\"text-align: left;\">El nostre equip s&#8217;esfor\u00e7a per oferir-te un tractament a mida, sense sorpreses ni al proc\u00e9s ni al pressupost. Per aconseguir aquesta precisi\u00f3, abans d&#8217;iniciar qualsevol tractament d&#8217;ortod\u00f2ncia, et fem un estudi profund dels problemes dentals, esquel\u00e8tics i est\u00e8tics, per poder elaborar un pla de tractament.<\/p>\n<p style=\"text-align: left;\">L&#8217;estudi d&#8217;ortod\u00f2ncia consisteix en la presa dels registres seg\u00fcents:<\/p>\n<ul>\n<li style=\"text-align: left;\">Fotos extraorals, de la teva cara, de perfil, de front, de somriure, amb serietat, cara relaxada\u2026 vaja, un estudi complet per poder avaluar la teva anatomia.<\/li>\n<li style=\"text-align: left;\">Fotos intraorals, \u00e9s a dir dels teus dents a totes les posicions.<\/li>\n<li style=\"text-align: left;\">Escanejat digital dels dents per estudiar-los des de tots els angles.<\/li>\n<li style=\"text-align: left;\">Radiografies<\/li>\n<li style=\"text-align: left;\">I en adults, segons el cas, un TAC de cap que ens d\u00f3na tota la informaci\u00f3 necess\u00e0ria en 3D, important\u00edssim per valorar quins moviments s\u00f3n possibles sense fer malb\u00e9 les teves genives.<\/li>\n<\/ul>\n<p>[\/vc_column_text][vc_column_text css=&#8221;.vc_custom_1644502512314{margin-bottom: 2vw !important;padding-top: 4vw !important;}&#8221;]<\/p>\n<h3 style=\"text-align: left;\">3. Diagn\u00f2stic, Planificaci\u00f3 i Comunicaci\u00f3<\/h3>\n<p>[\/vc_column_text][vc_column_text el_class=&#8221;negre&#8221;]<\/p>\n<p style=\"text-align: left;\">Un cop presos aquests registres, els estudiem, mesurem i elaborem un pla de tractament d&#8217;ortod\u00f2ncia, la fita del qual \u00e9s millorar la salut, funci\u00f3 i est\u00e8tica de la teva boca.<\/p>\n<p style=\"text-align: left;\">Passats uns dies ens reunirem amb el teu de nou per comentar el teu cas i que triis el sistema d&#8217;ortod\u00f2ncia que millor s&#8217;adapti a les teves expectatives i necessitats (brackets met\u00e0l\u00b7lics, est\u00e8tics o alineadors transparents invisalign).<\/p>\n<p>[\/vc_column_text][vc_column_text css=&#8221;.vc_custom_1644502517782{margin-bottom: 2vw !important;padding-top: 4vw !important;}&#8221;]<\/p>\n<h3 style=\"text-align: left;\">4. Fases del tractament d&#8217;ortod\u00f2ncia<\/h3>\n<p>[\/vc_column_text][vc_column_text el_class=&#8221;negre&#8221;]<\/p>\n<p style=\"text-align: left;\">Un cop iniciat el tractament d&#8217;ortod\u00f2ncia passar\u00e0s per les fases seg\u00fcents:<\/p>\n<p>&nbsp;<\/p>\n<h5 style=\"text-align: left;\"><\/h5>\n<h5 style=\"letter-spacing: 3px; text-align: left;\">FASE D&#8217;ANIVELLAMENT I ALINEACI\u00d3<\/h5>\n<p style=\"text-align: left;\">Posar els dents rectes \u00e9s en general un dels primers passos i el m\u00e9s senzill, per aix\u00f2 moltes vegades la publicitat enganyosa et tracta d&#8217;enganxar amb aquest argument \u201cdents alineats en 6 mesos\u201d per\u00f2 m\u00e9s enll\u00e0 dels teus dents alineats volem que funcionin b\u00e9 i aix\u00f2 s&#8217;aconsegueix a la seg\u00fcent fase.<\/p>\n<p>&nbsp;<\/p>\n<h5 style=\"text-align: left;\"><\/h5>\n<h5 style=\"letter-spacing: 3px; text-align: left;\">FASE DE TREBALL<\/h5>\n<p style=\"text-align: left;\">Aquesta \u00e9s la fase en qu\u00e8 treballarem perqu\u00e8 la teva boca funcioni b\u00e9, \u00e9s a dir, que mosseguis b\u00e9. Tancarem els espais existents i buscarem que els teus dents encaixin b\u00e9 els uns amb els altres.<\/p>\n<p>&nbsp;<\/p>\n<h5 style=\"letter-spacing: 3px; text-align: left;\">FASE D&#8217;ACABAT<\/h5>\n<p style=\"text-align: left;\">Aquesta \u00e9s la fase de perfeccionar, daconseguir petits detalls, que la l\u00ednia mitjana del maxil\u00b7lar superior i inferior coincideixen, fer petites rotacions i harmonitzar el somriure.<\/p>\n<p>[\/vc_column_text][vc_column_text css=&#8221;.vc_custom_1644502523525{margin-bottom: 2vw !important;padding-top: 4vw !important;}&#8221;]<\/p>\n<h3 style=\"text-align: left;\">5. Retenci\u00f3<\/h3>\n<p>[\/vc_column_text][vc_column_text el_class=&#8221;negre&#8221;]<\/p>\n<p style=\"text-align: left;\">Al final del tractament d&#8217;ortod\u00f2ncia, independentment del tipus que hagis triat, \u00e9s important col\u00b7locar un sistema de retenci\u00f3 per mantenir els resultats aconseguits. A la nostra cl\u00ednica col\u00b7loquem va retenir fixa i removible (per fer servir les nits) i et donem una garantia d&#8217;un any per qualsevol trencament o desgast.<\/p>\n<p style=\"text-align: left;\">Visita de control a l&#8217;any i dos anys, despr\u00e9s del teu tractament d&#8217;ortod\u00f2ncia volem veure per corroborar que els resultats s\u00f3n estables!!<\/p>\n<p>[\/vc_column_text][\/vc_column_inner][\/vc_row_inner][\/vc_column][\/vc_row]<\/p>\n<\/div>","protected":false},"excerpt":{"rendered":"<p>[vc_row full_width=&#8221;stretch_row&#8221; content_placement=&#8221;middle&#8221; css_animation=&#8221;none&#8221; el_class=&#8221;laclinica&#8221; css=&#8221;.vc_custom_1644494633535{padding-top: 4vw !important;padding-bottom: 4vw !important;background-color: #ffffff !important;}&#8221;][vc_column][vc_row_inner content_placement=&#8221;top&#8221; css=&#8221;.vc_custom_1644494371713{padding-bottom: 4vw !important;}&#8221;][vc_column_inner width=&#8221;1\/3&#8243;][\/vc_column_inner][vc_column_inner width=&#8221;1\/3&#8243;][vc_column_text] ORTOD\u00d2NCIA [\/vc_column_text][vc_separator color=&#8221;black&#8221;][\/vc_column_inner][vc_column_inner width=&#8221;1\/3&#8243;][\/vc_column_inner][\/vc_row_inner][vc_row_inner content_placement=&#8221;top&#8221; css=&#8221;.vc_custom_1644502720790{padding-top: 6vw !important;}&#8221;][vc_column_inner][vc_column_text css=&#8221;.vc_custom_1667549339988{margin-bottom: 30px !important;}&#8221;] Tipus d&#8217;ortod\u00f2ncia [\/vc_column_text][vc_empty_space height=&#8221;20&#8243;][vc_column_text el_class=&#8221;negre&#8221;] Ortod\u00f2ncia Invisible a Tarragona , ortod\u00f2ncia est\u00e8tica, ortod\u00f2ncia convencional amb brackets met\u00e0l\u00b7lics o amb brackets cer\u00e0mics, alineadors d&#8217;ortod\u00f2ncia invisibles Invisalign, cada&hellip;<\/p>\n","protected":false},"author":1,"featured_media":0,"parent":0,"menu_order":0,"comment_status":"closed","ping_status":"closed","template":"","meta":{"_acf_changed":false,"_monsterinsights_skip_tracking":false,"_monsterinsights_sitenote_active":false,"_monsterinsights_sitenote_note":"","_monsterinsights_sitenote_category":0,"footnotes":""},"class_list":["post-157","page","type-page","status-publish","hentry"],"acf":[],"yoast_head":"<!-- This site is optimized with the Yoast SEO plugin v26.7 - https:\/\/yoast.com\/wordpress\/plugins\/seo\/ -->\n<title>Ortod\u00f2ncia a Tarragona - Ortod\u00f2ncia Invisible - IB Cl\u00ednica Dental<\/title>\n<meta name=\"description\" content=\"Ortod\u00f2ncia a Tarragona, ortod\u00f2ncia invisible, ortod\u00f2ncia est\u00e8tica, ortod\u00f2ncia convencional amb brackets. Demana m\u00e9s informaci\u00f3 i t&#039;ajudarem.\" \/>\n<meta name=\"robots\" content=\"index, follow, max-snippet:-1, max-image-preview:large, max-video-preview:-1\" \/>\n<link rel=\"canonical\" href=\"https:\/\/ibclinicadental.com\/ca\/ortodoncia\" \/>\n<meta property=\"og:locale\" content=\"ca_ES\" \/>\n<meta property=\"og:type\" content=\"article\" \/>\n<meta property=\"og:title\" content=\"Ortod\u00f2ncia a Tarragona - Ortod\u00f2ncia Invisible - IB Cl\u00ednica Dental\" \/>\n<meta property=\"og:description\" content=\"Ortod\u00f2ncia a Tarragona, ortod\u00f2ncia invisible, ortod\u00f2ncia est\u00e8tica, ortod\u00f2ncia convencional amb brackets. Demana m\u00e9s informaci\u00f3 i t&#039;ajudarem.\" \/>\n<meta property=\"og:url\" content=\"https:\/\/ibclinicadental.com\/ca\/ortodoncia\" \/>\n<meta property=\"og:site_name\" content=\"IB Clinica Dental\" \/>\n<meta property=\"article:modified_time\" content=\"2025-03-05T18:45:36+00:00\" \/>\n<meta name=\"twitter:card\" content=\"summary_large_image\" \/>\n<meta name=\"twitter:label1\" content=\"Temps estimat de lectura\" \/>\n\t<meta name=\"twitter:data1\" content=\"5 minuts\" \/>\n<script type=\"application\/ld+json\" class=\"yoast-schema-graph\">{\"@context\":\"https:\/\/schema.org\",\"@graph\":[{\"@type\":\"WebPage\",\"@id\":\"https:\/\/ibclinicadental.com\/ca\/ortodoncia\",\"url\":\"https:\/\/ibclinicadental.com\/ca\/ortodoncia\",\"name\":\"Ortod\u00f2ncia a Tarragona - Ortod\u00f2ncia Invisible - IB Cl\u00ednica Dental\",\"isPartOf\":{\"@id\":\"https:\/\/ibclinicadental.com\/ca#website\"},\"datePublished\":\"2022-02-07T12:06:18+00:00\",\"dateModified\":\"2025-03-05T18:45:36+00:00\",\"description\":\"Ortod\u00f2ncia a Tarragona, ortod\u00f2ncia invisible, ortod\u00f2ncia est\u00e8tica, ortod\u00f2ncia convencional amb brackets. Demana m\u00e9s informaci\u00f3 i t'ajudarem.\",\"breadcrumb\":{\"@id\":\"https:\/\/ibclinicadental.com\/ca\/ortodoncia#breadcrumb\"},\"inLanguage\":\"ca\",\"potentialAction\":[{\"@type\":\"ReadAction\",\"target\":[\"https:\/\/ibclinicadental.com\/ca\/ortodoncia\"]}]},{\"@type\":\"BreadcrumbList\",\"@id\":\"https:\/\/ibclinicadental.com\/ca\/ortodoncia#breadcrumb\",\"itemListElement\":[{\"@type\":\"ListItem\",\"position\":1,\"name\":\"Portada\",\"item\":\"https:\/\/ibclinicadental.com\/ca\"},{\"@type\":\"ListItem\",\"position\":2,\"name\":\"Ortod\u00f2ncia\"}]},{\"@type\":\"WebSite\",\"@id\":\"https:\/\/ibclinicadental.com\/ca#website\",\"url\":\"https:\/\/ibclinicadental.com\/ca\",\"name\":\"IB Clinica Dental\",\"description\":\"Clinica Dental en Tarragona. Excelencia en Odontolog\u00eda\",\"potentialAction\":[{\"@type\":\"SearchAction\",\"target\":{\"@type\":\"EntryPoint\",\"urlTemplate\":\"https:\/\/ibclinicadental.com\/ca?s={search_term_string}\"},\"query-input\":{\"@type\":\"PropertyValueSpecification\",\"valueRequired\":true,\"valueName\":\"search_term_string\"}}],\"inLanguage\":\"ca\"}]}<\/script>\n<!-- \/ Yoast SEO plugin. -->","yoast_head_json":{"title":"Ortod\u00f2ncia a Tarragona - Ortod\u00f2ncia Invisible - IB Cl\u00ednica Dental","description":"Ortod\u00f2ncia a Tarragona, ortod\u00f2ncia invisible, ortod\u00f2ncia est\u00e8tica, ortod\u00f2ncia convencional amb brackets. Demana m\u00e9s informaci\u00f3 i t'ajudarem.","robots":{"index":"index","follow":"follow","max-snippet":"max-snippet:-1","max-image-preview":"max-image-preview:large","max-video-preview":"max-video-preview:-1"},"canonical":"https:\/\/ibclinicadental.com\/ca\/ortodoncia","og_locale":"ca_ES","og_type":"article","og_title":"Ortod\u00f2ncia a Tarragona - Ortod\u00f2ncia Invisible - IB Cl\u00ednica Dental","og_description":"Ortod\u00f2ncia a Tarragona, ortod\u00f2ncia invisible, ortod\u00f2ncia est\u00e8tica, ortod\u00f2ncia convencional amb brackets. Demana m\u00e9s informaci\u00f3 i t'ajudarem.","og_url":"https:\/\/ibclinicadental.com\/ca\/ortodoncia","og_site_name":"IB Clinica Dental","article_modified_time":"2025-03-05T18:45:36+00:00","twitter_card":"summary_large_image","twitter_misc":{"Temps estimat de lectura":"5 minuts"},"schema":{"@context":"https:\/\/schema.org","@graph":[{"@type":"WebPage","@id":"https:\/\/ibclinicadental.com\/ca\/ortodoncia","url":"https:\/\/ibclinicadental.com\/ca\/ortodoncia","name":"Ortod\u00f2ncia a Tarragona - Ortod\u00f2ncia Invisible - IB Cl\u00ednica Dental","isPartOf":{"@id":"https:\/\/ibclinicadental.com\/ca#website"},"datePublished":"2022-02-07T12:06:18+00:00","dateModified":"2025-03-05T18:45:36+00:00","description":"Ortod\u00f2ncia a Tarragona, ortod\u00f2ncia invisible, ortod\u00f2ncia est\u00e8tica, ortod\u00f2ncia convencional amb brackets. Demana m\u00e9s informaci\u00f3 i t'ajudarem.","breadcrumb":{"@id":"https:\/\/ibclinicadental.com\/ca\/ortodoncia#breadcrumb"},"inLanguage":"ca","potentialAction":[{"@type":"ReadAction","target":["https:\/\/ibclinicadental.com\/ca\/ortodoncia"]}]},{"@type":"BreadcrumbList","@id":"https:\/\/ibclinicadental.com\/ca\/ortodoncia#breadcrumb","itemListElement":[{"@type":"ListItem","position":1,"name":"Portada","item":"https:\/\/ibclinicadental.com\/ca"},{"@type":"ListItem","position":2,"name":"Ortod\u00f2ncia"}]},{"@type":"WebSite","@id":"https:\/\/ibclinicadental.com\/ca#website","url":"https:\/\/ibclinicadental.com\/ca","name":"IB Clinica Dental","description":"Clinica Dental en Tarragona. Excelencia en Odontolog\u00eda","potentialAction":[{"@type":"SearchAction","target":{"@type":"EntryPoint","urlTemplate":"https:\/\/ibclinicadental.com\/ca?s={search_term_string}"},"query-input":{"@type":"PropertyValueSpecification","valueRequired":true,"valueName":"search_term_string"}}],"inLanguage":"ca"}]}},"_links":{"self":[{"href":"https:\/\/ibclinicadental.com\/ca\/wp-json\/wp\/v2\/pages\/157","targetHints":{"allow":["GET"]}}],"collection":[{"href":"https:\/\/ibclinicadental.com\/ca\/wp-json\/wp\/v2\/pages"}],"about":[{"href":"https:\/\/ibclinicadental.com\/ca\/wp-json\/wp\/v2\/types\/page"}],"author":[{"embeddable":true,"href":"https:\/\/ibclinicadental.com\/ca\/wp-json\/wp\/v2\/users\/1"}],"replies":[{"embeddable":true,"href":"https:\/\/ibclinicadental.com\/ca\/wp-json\/wp\/v2\/comments?post=157"}],"version-history":[{"count":119,"href":"https:\/\/ibclinicadental.com\/ca\/wp-json\/wp\/v2\/pages\/157\/revisions"}],"predecessor-version":[{"id":1876,"href":"https:\/\/ibclinicadental.com\/ca\/wp-json\/wp\/v2\/pages\/157\/revisions\/1876"}],"wp:attachment":[{"href":"https:\/\/ibclinicadental.com\/ca\/wp-json\/wp\/v2\/media?parent=157"}],"curies":[{"name":"wp","href":"https:\/\/api.w.org\/{rel}","templated":true}]}}