{"id":634,"date":"2022-02-21T08:26:57","date_gmt":"2022-02-21T08:26:57","guid":{"rendered":"https:\/\/ibclinicadental.com\/ortodoncia-2"},"modified":"2025-03-05T18:45:26","modified_gmt":"2025-03-05T18:45:26","slug":"avis-legal","status":"publish","type":"page","link":"https:\/\/ibclinicadental.com\/ca\/avis-legal","title":{"rendered":"Avis Legal"},"content":{"rendered":"<div class=\"wpb-content-wrapper\"><p>[vc_row full_width=&#8221;stretch_row&#8221; content_placement=&#8221;middle&#8221; css_animation=&#8221;none&#8221; el_class=&#8221;laclinica&#8221; css=&#8221;.vc_custom_1644494633535{padding-top: 4vw !important;padding-bottom: 4vw !important;background-color: #ffffff !important;}&#8221;][vc_column][vc_row_inner content_placement=&#8221;top&#8221; css=&#8221;.vc_custom_1644494371713{padding-bottom: 4vw !important;}&#8221;][vc_column_inner width=&#8221;1\/3&#8243;][\/vc_column_inner][vc_column_inner width=&#8221;1\/3&#8243;][vc_column_text]<\/p>\n<h1 style=\"text-align: center; letter-spacing: 3px;\">AV\u00cdS LEGAL<\/h1>\n<p>[\/vc_column_text][vc_separator color=&#8221;black&#8221;][\/vc_column_inner][vc_column_inner width=&#8221;1\/3&#8243;][\/vc_column_inner][\/vc_row_inner][\/vc_column][\/vc_row][vc_row full_width=&#8221;stretch_row&#8221; content_placement=&#8221;middle&#8221; css_animation=&#8221;none&#8221; el_class=&#8221;laclinica&#8221; css=&#8221;.vc_custom_1644401341194{padding-top: 6vw !important;padding-bottom: 6vw !important;background-color: #f5f5f5 !important;}&#8221;][vc_column css=&#8221;.vc_custom_1616757811868{padding-right: 4vw !important;}&#8221;][vc_row_inner css=&#8221;.vc_custom_1644401845749{padding-top: 4vw !important;}&#8221;][vc_column_inner][vc_column_text css=&#8221;.vc_custom_1677178037784{margin-bottom: 4vw !important;}&#8221;]<\/p>\n<h3 style=\"text-align: left;\">1. Dades identificatives<\/h3>\n<p>[\/vc_column_text][vc_column_text el_class=&#8221;negre&#8221;]<\/p>\n<p style=\"text-align: left;\">En compliment amb el deure informaci\u00f3 recollida a l&#8217;article 10 de la Llei 34\/2002 d&#8217;11 de juliol, de Serveis de la Societat de la Informaci\u00f3 i del Comer\u00e7 Electr\u00f2nic, a continuaci\u00f3 es reflecteixen les dades seg\u00fcents:<\/p>\n<p style=\"text-align: left;\">L&#8217;empresa titular del domini web \u00e9s (SLOWDENTISTRY, SLP) amb NIF (B02677847) i amb adre\u00e7a a aquests efectes al C\/ Moss\u00e8n Salvador Ritort i Faus, 23, 43002 Tarragona) en endavant LA CL\u00cdNICA.<\/p>\n<p>[\/vc_column_text][vc_column_text css=&#8221;.vc_custom_1677177397384{margin-bottom: 2vw !important;padding-top: 4vw !important;}&#8221;]<\/p>\n<h3 style=\"text-align: left;\">2. Acceptaci\u00f3 de l&#8217;Usuari<\/h3>\n<p>[\/vc_column_text][vc_column_text el_class=&#8221;negre&#8221;]<\/p>\n<p style=\"text-align: left;\">Aquest Av\u00eds Legal regula l&#8217;acc\u00e9s i la utilitzaci\u00f3 de la p\u00e0gina web<br \/>\n<a href=\"https:\/\/ibclinicadental.com\/ca\">www.ibclinicadental.com<\/a> (d&#8217;ara endavant la web) que LA CLINICA posa a disposici\u00f3 dels usuaris d&#8217;Internet. S&#8217;ent\u00e9n per usuari la persona que accedeixi, navegui, utilitzi o participi als serveis i activitats del Web. L&#8217;acc\u00e9s i la navegaci\u00f3 d&#8217;un usuari per la Web implica l&#8217;acceptaci\u00f3 sense reserves del present Av\u00eds Legal. LA CLINICA pot oferir a trav\u00e9s de la p\u00e0gina web serveis que es podran trobar sotmesos a unes condicions particulars pr\u00f2pies sobre les quals s&#8217;informar\u00e0 l&#8217;usuari en cada cas concret.<\/p>\n<p>[\/vc_column_text][vc_column_text css=&#8221;.vc_custom_1677177442768{margin-bottom: 2vw !important;padding-top: 4vw !important;}&#8221;]<\/p>\n<h3 style=\"text-align: left;\">3. Utilitzaci\u00f3 de la web<\/h3>\n<p>[\/vc_column_text][vc_column_text el_class=&#8221;negre&#8221;]3.1. L&#8217;usuari es compromet a utilitzar la Web, els continguts i serveis de conformitat amb la Llei, aquest Avis Legal, els bons costums i l&#8217;ordre p\u00fablic. De la mateixa manera l&#8217;Usuari s&#8217;obliga a no utilitzar la Web o els serveis que es presten a trav\u00e9s d&#8217;ell amb fins o efectes il\u00b7l\u00edcits o contraris al contingut del present Av\u00eds Legal, lesius dels interessos o drets de tercers, o que de qualsevol manera pugui danyar, inutilitzar o deteriorar el web o els seus serveis o impedir un gaudi normal del web per altres usuaris.<\/p>\n<p>3.2. L&#8217;usuari es compromet expressament a no destruir, alterar, inutilitzar o, de qualsevol altra manera, danyar les dades, programes o documents electr\u00f2nics i altres que es trobin a la web.<\/p>\n<p>3.3. L&#8217;usuari es compromet a no obstaculitzar l&#8217;acc\u00e9s a altres usuaris al servei d&#8217;acc\u00e9s mitjan\u00e7ant el consum massiu dels recursos inform\u00e0tics a trav\u00e9s dels quals LA CLINICA presta el servei, aix\u00ed com realitzar accions que facin malb\u00e9, interrompin o generin errors en aquests sistemes o serveis.<\/p>\n<p>3.4. L&#8217;usuari es compromet a no introduir programes, virus, macros, applets, controls ActiveX o qualsevol altre dispositiu l\u00f2gic o seq\u00fc\u00e8ncia de car\u00e0cters que causin o siguin susceptibles de causar qualsevol tipus d&#8217;alteraci\u00f3 als sistemes inform\u00e0tics de LA COMPANYIA o de tercers.<\/p>\n<p>3.5. L&#8217;usuari es compromet a no obtenir informacions, missatges, gr\u00e0fics, dibuixos, arxius de so i\/o imatge, fotografies, enregistraments, programari i en general, qualsevol classe de material accessible a trav\u00e9s del web o dels serveis que s&#8217;hi ofereixen . .<\/p>\n<p>3.6. S&#8217;ent\u00e9n que l&#8217;acc\u00e9s o la utilitzaci\u00f3 del Web per part de l&#8217;usuari implica l&#8217;acceptaci\u00f3 per aquest de l&#8217;Av\u00eds Legal que LA CLINICA tingui publicat al moment de l&#8217;acc\u00e9s, el qual estar\u00e0 sempre disponible per als usuaris .<\/p>\n<p>3.7. L&#8217;usuari es compromet a fer un \u00fas adequat dels continguts i serveis que LA CLINICA ofereix a la seva web i no fer-los servir per inc\u00f3rrer en activitats il\u00b7l\u00edcites o contraries a la bona fe ia l&#8217;ordenament legal; difondre continguts o propaganda de car\u00e0cter racista, xen\u00f2fob, pornogr\u00e0fic-il\u00b7legal, d&#8217;apologia del terrorisme o atemptatori contra els drets humans.[\/vc_column_text][vc_column_text css=&#8221;.vc_custom_1677177503381{margin-bottom: 2vw !important;padding-top: 4vw !important;}&#8221;]<\/p>\n<h3 style=\"text-align: left;\">4. Acc\u00e8s a la web<\/h3>\n<p>[\/vc_column_text][vc_column_text el_class=&#8221;negre&#8221;]<\/p>\n<p style=\"text-align: left;\">4.1. L&#8217;acc\u00e9s a la web per part dels usuaris t\u00e9 car\u00e0cter lliure i gratu\u00eft<\/p>\n<p style=\"text-align: left;\">4.2. Quan sigui necessari que l&#8217;usuari sigui registre o aportacions personals per poder accedir a algun dels serveis, la recollida i el tractament de les dades personals dels usuaris \u00e9s aplicable al que disposa l&#8217;apartat 9 d&#8217;aquest Av\u00eds Legal.<\/p>\n<p>&gt;<\/p>\n<p style=\"text-align: left;\">4.3. Queda prohibida la contractaci\u00f3 de productes o serveis a trav\u00e9s del web per part de menors d&#8217;edat, havent d&#8217;obtenir degudament i amb anterioritat, el consentiment dels seus pares, tutors o representants legals, els quals seran considerats com a responsables dels actes que portin els menors a c\u00e0rrec seu.<\/p>\n<p style=\"text-align: left;\">4.4. Si per a la utilitzaci\u00f3 d&#8217;un servei a la Web, l&#8217;usuari hauria de procedir al registre, aquest ser\u00e0 responsable d&#8217;aportar informaci\u00f3 vera\u00e7 i l\u00edcita.<\/p>\n<p>[\/vc_column_text][vc_column_text css=&#8221;.vc_custom_1677177545648{margin-bottom: 2vw !important;padding-top: 4vw !important;}&#8221;]<\/p>\n<h3 style=\"text-align: left;\">4. Modificacions Avis Legal<\/h3>\n<p>[\/vc_column_text][vc_column_text el_class=&#8221;negre&#8221;]<\/p>\n<p style=\"text-align: left;\">LA CLINICA es reserva expressament el dret a modificar aquest Avis Legal.<\/p>\n<p style=\"text-align: left;\">L&#8217;usuari reconeix i accepta que \u00e9s responsabilitat vostra revisar el web i el present Av\u00eds Legal.<\/p>\n<p>[\/vc_column_text][vc_column_text css=&#8221;.vc_custom_1677177581835{margin-bottom: 2vw !important;padding-top: 4vw !important;}&#8221;]<\/p>\n<h3 style=\"text-align: left;\">5. Acc\u00e8s a la web<\/h3>\n<p>[\/vc_column_text][vc_column_text el_class=&#8221;negre&#8221;]5.1. LA CLINICA es compromet a realitzar els seus millors esfor\u00e7os per evitar qualsevol error en els continguts que poguessin apar\u00e8ixer a la web. En qualsevol cas, LA CLINICA estar\u00e0 exempta de qualsevol responsabilitat derivada d&#8217;eventuals errors en els continguts que puguin apar\u00e8ixer a la Web, sempre que no li siguin imputables.<\/p>\n<p>5.2. LA COMPANYIA no garanteix que la Web i el servidor estiguin lliures de virus i no es fa responsable dels possibles danys o perjudicis que puguin derivar dinterfer\u00e8ncies, omissions, interrupcions, virus inform\u00e0tics, avaries telef\u00f2niques o desconnexions en el funcionament operatiu daquest sistema electr\u00f2nic, motivat per causes aliens a LA CLINICA, de retards o bloquejos en l\u00fas daquest sistema electr\u00f2nic causats per defici\u00e8ncies de l\u00ednies telef\u00f2niques o sobrec\u00e0rregues al sistema dInternet o en altres sistemes electr\u00f2nics, aix\u00ed com tamb\u00e9 de danys que puguin ser causats per terceres persones mitjan\u00e7ant intromissions il\u00b7leg\u00edtimes fora del control de LA CLINICA.[\/vc_column_text][vc_column_text css=&#8221;.vc_custom_1677177620713{margin-bottom: 2vw !important;padding-top: 4vw !important;}&#8221;]<\/p>\n<h3 style=\"text-align: left;\">6. Limitaci\u00f3 de Garanties i Responsabilitats<\/h3>\n<p>[\/vc_column_text][vc_column_text el_class=&#8221;negre&#8221;]6.1. Tots els drets de Propietat Industrial i Intel\u00b7lectual de la Web<br \/>\n(slowdentistry.slp.com) i dels seus continguts (textos, imatges, sons, \u00e0udio, v\u00eddeo, dissenys, creativitats, programari) pertanyen, com a autor d&#8217;obra col\u00b7lectiva o com a cession\u00e0ria, a LA CLINICA o, si escau, a terceres persones.<\/p>\n<p>6.2. Queden expressament prohibides la reproducci\u00f3, la distribuci\u00f3 i la comunicaci\u00f3 p\u00fablica, inclosa la modalitat de posada a disposici\u00f3, de la totalitat o part dels continguts d&#8217;aquesta p\u00e0gina web, amb qualsevol fi, a qualsevol suport i per qualsevol mitj\u00e0 t\u00e8cnic, sense l&#8217; autoritzaci\u00f3 de LA CL\u00cdNICA. L&#8217;usuari es compromet a respectar els drets de propietat industrial i intel\u00b7lectual titularitat de LA CLINICA i de tercers.<\/p>\n<p>6.3. A l&#8217;efecte del que preveu l&#8217;article 32.1 del Text ref\u00f3s de la Llei de propietat intel\u00b7lectual, LA CLINICA s&#8217;oposa expressament a la utilitzaci\u00f3 de qualsevol contingut d&#8217;aquest portal web amb la finalitat de fer ressenyes amb finalitats comercials sense comptar amb lautoritzaci\u00f3 pr\u00e8via de LA CL\u00cdNICA.<\/p>\n<p>6.4. L&#8217;usuari pot visualitzar tots els elements, imprimir-los, copiar-los i emmagatzemar-los al disc dur de l&#8217;ordinador o en qualsevol altre suport f\u00edsic sempre que sigui, \u00fanica i exclusivament, per a \u00fas personal i privat, quedant, per tant, terminantment prohibida la seva utilitzaci\u00f3 amb altres fins, la distribuci\u00f3, aix\u00ed com la modificaci\u00f3, l&#8217;alteraci\u00f3 o la descompilaci\u00f3.<\/p>\n<p>6.5. LA CLINICA proporciona l&#8217;acc\u00e9s a tot tipus d&#8217;informacions, serveis, programes o dades a Internet que poden pert\u00e0nyer a terceres persones, cas en qu\u00e8 LA CLINICA no es fa responsable d&#8217;aquests continguts ni de totes les reclamacions que se&#8217;n puguin derivar de la qualitat, la fiabilitat, l&#8217;exactitud o la correcci\u00f3 dels mateixos.[\/vc_column_text][\/vc_column_inner][\/vc_row_inner][vc_column_text css=&#8221;.vc_custom_1677177667232{margin-bottom: 2vw !important;padding-top: 4vw !important;}&#8221;]<\/p>\n<h3 style=\"text-align: left;\">7. Enlla\u00e7os de tercers<\/h3>\n<p>[\/vc_column_text][vc_column_text el_class=&#8221;negre&#8221;]7.1. En cas que a la Web es disposessin enlla\u00e7os o hipervincles cap a altres llocs d&#8217;Internet, LA CLINICA no exercir\u00e0 cap tipus de control sobre aquests llocs i continguts. En cap cas LA CLINICA assumir\u00e0 cap responsabilitat pels continguts d&#8217;algun enlla\u00e7 pertanyent a un lloc web ali\u00e8, ni garantir\u00e0 la disponibilitat t\u00e8cnica, qualitat, fiabilitat, exactitud, amplitud, veracitat, validesa i constitucionalitat de qualsevol material o informaci\u00f3 continguda al capdavant dels hipervincles o altres llocs dInternet.<\/p>\n<p>7.2. Aquests enlla\u00e7os es proporcionen \u00fanicament per informar l&#8217;Usuari sobre l&#8217;exist\u00e8ncia d&#8217;altres fonts d&#8217;informaci\u00f3 sobre un tema concret, i la inclusi\u00f3 d&#8217;un enlla\u00e7 no implica l&#8217;aprovaci\u00f3 de la p\u00e0gina web enlla\u00e7ada per LA CLINICA.<\/p>\n<p>7.3. LA CLINICA nom\u00e9s autoritza mencions als seus continguts a altres webs, amb el tractament que aquestes considerin sempre que sigui respectu\u00f3s, compleixi la legislaci\u00f3 vigent i en cap cas reprodueixin, sense la deguda autoritzaci\u00f3, els continguts de LA CLINICA.[\/vc_column_text][vc_column_text css=&#8221;.vc_custom_1677177708381{margin-bottom: 2vw !important;padding-top: 4vw !important;}&#8221;]<\/p>\n<h3 style=\"text-align: left;\">8. Protecci\u00f3 de dades personals<\/h3>\n<p>[\/vc_column_text][vc_column_text el_class=&#8221;negre&#8221;]8.1. LA CLINICA adopta les mesures t\u00e8cniques i organitzatives necess\u00e0ries per garantir la protecci\u00f3 de les dades de car\u00e0cter personal i evitar la seva alteraci\u00f3, p\u00e8rdua, tractament i\/o acc\u00e9s no autoritzat, tenint en compte l&#8217;estat de la t\u00e8cnica, la naturalesa de les dades emmagatzemades i els riscos a qu\u00e8 estan exposats, tot aix\u00f2, d&#8217;acord amb all\u00f2 establert per la legislaci\u00f3 espanyola i europea de Protecci\u00f3 de Dades de Car\u00e0cter Personal.<\/p>\n<p>8.2. L&#8217;usuari podr\u00e0 proporcionar a LA CLINICA les vostres dades de car\u00e0cter personal a trav\u00e9s dels diferents formularis que a aquest efecte apareixen a la Web. Aquests formularis incorporin un text legal en mat\u00e8ria de protecci\u00f3 de dades personals que d\u00f3na compliment a les exigencies establertes al REGLAMENT (UE) 2016\/679 del Parlament Europeu i del Consell de 27 dabril de 2016 relatiu a la protecci\u00f3 de les persones f\u00edsiques a pel que fa al tractament de dades personals ia la lliure circulaci\u00f3 d&#8217;aquestes dades (Reglament General de Protecci\u00f3 de Dades \u2013 RGPD). De la mateixa manera, LA CLINICA podr\u00e0 obtenir dades de car\u00e0cter personal originades per la navegaci\u00f3 i\/o \u00fas del web.<\/p>\n<p>8.3. Preguem llegiu atentament els textos legals abans de facilitar les vostres dades de car\u00e0cter personal.[\/vc_column_text][vc_column_text css=&#8221;.vc_custom_1677177762043{margin-bottom: 2vw !important;padding-top: 4vw !important;}&#8221;]<\/p>\n<h3 style=\"text-align: left;\">9. Llei i Jurisdicci\u00f3<\/h3>\n<p>[\/vc_column_text][vc_column_text el_class=&#8221;negre&#8221;]Totes les q\u00fcestions que se suscitin entre LA CL\u00cdNICA i l&#8217;usuari relatives a la interpretaci\u00f3, compliment i validesa del present Av\u00eds Legal es regiran per les seves pr\u00f2pies cl\u00e0usules i, en all\u00f2 que no estigui previst, -es expressament les parts a la jurisdicci\u00f3 dels Jutjats i Tribunals del domicili de LA CLINICA.[\/vc_column_text][\/vc_column][\/vc_row]<\/p>\n<\/div>","protected":false},"excerpt":{"rendered":"<p>[vc_row full_width=&#8221;stretch_row&#8221; content_placement=&#8221;middle&#8221; css_animation=&#8221;none&#8221; el_class=&#8221;laclinica&#8221; css=&#8221;.vc_custom_1644494633535{padding-top: 4vw !important;padding-bottom: 4vw !important;background-color: #ffffff !important;}&#8221;][vc_column][vc_row_inner content_placement=&#8221;top&#8221; css=&#8221;.vc_custom_1644494371713{padding-bottom: 4vw !important;}&#8221;][vc_column_inner width=&#8221;1\/3&#8243;][\/vc_column_inner][vc_column_inner width=&#8221;1\/3&#8243;][vc_column_text] AV\u00cdS LEGAL [\/vc_column_text][vc_separator color=&#8221;black&#8221;][\/vc_column_inner][vc_column_inner width=&#8221;1\/3&#8243;][\/vc_column_inner][\/vc_row_inner][\/vc_column][\/vc_row][vc_row full_width=&#8221;stretch_row&#8221; content_placement=&#8221;middle&#8221; css_animation=&#8221;none&#8221; el_class=&#8221;laclinica&#8221; css=&#8221;.vc_custom_1644401341194{padding-top: 6vw !important;padding-bottom: 6vw !important;background-color: #f5f5f5 !important;}&#8221;][vc_column css=&#8221;.vc_custom_1616757811868{padding-right: 4vw !important;}&#8221;][vc_row_inner css=&#8221;.vc_custom_1644401845749{padding-top: 4vw !important;}&#8221;][vc_column_inner][vc_column_text css=&#8221;.vc_custom_1677178037784{margin-bottom: 4vw !important;}&#8221;] 1. Dades identificatives [\/vc_column_text][vc_column_text el_class=&#8221;negre&#8221;] En compliment amb el deure informaci\u00f3 recollida&hellip;<\/p>\n","protected":false},"author":1,"featured_media":0,"parent":0,"menu_order":0,"comment_status":"closed","ping_status":"closed","template":"","meta":{"_acf_changed":false,"_monsterinsights_skip_tracking":false,"_monsterinsights_sitenote_active":false,"_monsterinsights_sitenote_note":"","_monsterinsights_sitenote_category":0,"footnotes":""},"class_list":["post-634","page","type-page","status-publish","hentry"],"acf":[],"yoast_head":"<!-- This site is optimized with the Yoast SEO plugin v26.7 - https:\/\/yoast.com\/wordpress\/plugins\/seo\/ -->\n<title>Avis Legal - IB Cl\u00ednica Dental a Tarragona<\/title>\n<meta name=\"description\" content=\"Avis Legal IB Cl\u00ednica Dental Tarragona - Direcci\u00f3 C\/ Moss\u00e8n Salvador Ritort i Faus, 23, 43002 Tarragona. Contacta i demana cita ara!\" \/>\n<meta name=\"robots\" content=\"index, follow, max-snippet:-1, max-image-preview:large, max-video-preview:-1\" \/>\n<link rel=\"canonical\" href=\"https:\/\/ibclinicadental.com\/ca\/avis-legal\" \/>\n<meta property=\"og:locale\" content=\"ca_ES\" \/>\n<meta property=\"og:type\" content=\"article\" \/>\n<meta property=\"og:title\" content=\"Avis Legal - IB Cl\u00ednica Dental a Tarragona\" \/>\n<meta property=\"og:description\" content=\"Avis Legal IB Cl\u00ednica Dental Tarragona - Direcci\u00f3 C\/ Moss\u00e8n Salvador Ritort i Faus, 23, 43002 Tarragona. Contacta i demana cita ara!\" \/>\n<meta property=\"og:url\" content=\"https:\/\/ibclinicadental.com\/ca\/avis-legal\" \/>\n<meta property=\"og:site_name\" content=\"IB Clinica Dental\" \/>\n<meta property=\"article:modified_time\" content=\"2025-03-05T18:45:26+00:00\" \/>\n<meta name=\"twitter:card\" content=\"summary_large_image\" \/>\n<meta name=\"twitter:label1\" content=\"Temps estimat de lectura\" \/>\n\t<meta name=\"twitter:data1\" content=\"8 minuts\" \/>\n<script type=\"application\/ld+json\" class=\"yoast-schema-graph\">{\"@context\":\"https:\/\/schema.org\",\"@graph\":[{\"@type\":\"WebPage\",\"@id\":\"https:\/\/ibclinicadental.com\/ca\/avis-legal\",\"url\":\"https:\/\/ibclinicadental.com\/ca\/avis-legal\",\"name\":\"Avis Legal - IB Cl\u00ednica Dental a Tarragona\",\"isPartOf\":{\"@id\":\"https:\/\/ibclinicadental.com\/ca#website\"},\"datePublished\":\"2022-02-21T08:26:57+00:00\",\"dateModified\":\"2025-03-05T18:45:26+00:00\",\"description\":\"Avis Legal IB Cl\u00ednica Dental Tarragona - Direcci\u00f3 C\/ Moss\u00e8n Salvador Ritort i Faus, 23, 43002 Tarragona. Contacta i demana cita ara!\",\"breadcrumb\":{\"@id\":\"https:\/\/ibclinicadental.com\/ca\/avis-legal#breadcrumb\"},\"inLanguage\":\"ca\",\"potentialAction\":[{\"@type\":\"ReadAction\",\"target\":[\"https:\/\/ibclinicadental.com\/ca\/avis-legal\"]}]},{\"@type\":\"BreadcrumbList\",\"@id\":\"https:\/\/ibclinicadental.com\/ca\/avis-legal#breadcrumb\",\"itemListElement\":[{\"@type\":\"ListItem\",\"position\":1,\"name\":\"Portada\",\"item\":\"https:\/\/ibclinicadental.com\/ca\"},{\"@type\":\"ListItem\",\"position\":2,\"name\":\"Avis Legal\"}]},{\"@type\":\"WebSite\",\"@id\":\"https:\/\/ibclinicadental.com\/ca#website\",\"url\":\"https:\/\/ibclinicadental.com\/ca\",\"name\":\"IB Clinica Dental\",\"description\":\"Clinica Dental en Tarragona. Excelencia en Odontolog\u00eda\",\"potentialAction\":[{\"@type\":\"SearchAction\",\"target\":{\"@type\":\"EntryPoint\",\"urlTemplate\":\"https:\/\/ibclinicadental.com\/ca?s={search_term_string}\"},\"query-input\":{\"@type\":\"PropertyValueSpecification\",\"valueRequired\":true,\"valueName\":\"search_term_string\"}}],\"inLanguage\":\"ca\"}]}<\/script>\n<!-- \/ Yoast SEO plugin. -->","yoast_head_json":{"title":"Avis Legal - IB Cl\u00ednica Dental a Tarragona","description":"Avis Legal IB Cl\u00ednica Dental Tarragona - Direcci\u00f3 C\/ Moss\u00e8n Salvador Ritort i Faus, 23, 43002 Tarragona. Contacta i demana cita ara!","robots":{"index":"index","follow":"follow","max-snippet":"max-snippet:-1","max-image-preview":"max-image-preview:large","max-video-preview":"max-video-preview:-1"},"canonical":"https:\/\/ibclinicadental.com\/ca\/avis-legal","og_locale":"ca_ES","og_type":"article","og_title":"Avis Legal - IB Cl\u00ednica Dental a Tarragona","og_description":"Avis Legal IB Cl\u00ednica Dental Tarragona - Direcci\u00f3 C\/ Moss\u00e8n Salvador Ritort i Faus, 23, 43002 Tarragona. Contacta i demana cita ara!","og_url":"https:\/\/ibclinicadental.com\/ca\/avis-legal","og_site_name":"IB Clinica Dental","article_modified_time":"2025-03-05T18:45:26+00:00","twitter_card":"summary_large_image","twitter_misc":{"Temps estimat de lectura":"8 minuts"},"schema":{"@context":"https:\/\/schema.org","@graph":[{"@type":"WebPage","@id":"https:\/\/ibclinicadental.com\/ca\/avis-legal","url":"https:\/\/ibclinicadental.com\/ca\/avis-legal","name":"Avis Legal - IB Cl\u00ednica Dental a Tarragona","isPartOf":{"@id":"https:\/\/ibclinicadental.com\/ca#website"},"datePublished":"2022-02-21T08:26:57+00:00","dateModified":"2025-03-05T18:45:26+00:00","description":"Avis Legal IB Cl\u00ednica Dental Tarragona - Direcci\u00f3 C\/ Moss\u00e8n Salvador Ritort i Faus, 23, 43002 Tarragona. Contacta i demana cita ara!","breadcrumb":{"@id":"https:\/\/ibclinicadental.com\/ca\/avis-legal#breadcrumb"},"inLanguage":"ca","potentialAction":[{"@type":"ReadAction","target":["https:\/\/ibclinicadental.com\/ca\/avis-legal"]}]},{"@type":"BreadcrumbList","@id":"https:\/\/ibclinicadental.com\/ca\/avis-legal#breadcrumb","itemListElement":[{"@type":"ListItem","position":1,"name":"Portada","item":"https:\/\/ibclinicadental.com\/ca"},{"@type":"ListItem","position":2,"name":"Avis Legal"}]},{"@type":"WebSite","@id":"https:\/\/ibclinicadental.com\/ca#website","url":"https:\/\/ibclinicadental.com\/ca","name":"IB Clinica Dental","description":"Clinica Dental en Tarragona. Excelencia en Odontolog\u00eda","potentialAction":[{"@type":"SearchAction","target":{"@type":"EntryPoint","urlTemplate":"https:\/\/ibclinicadental.com\/ca?s={search_term_string}"},"query-input":{"@type":"PropertyValueSpecification","valueRequired":true,"valueName":"search_term_string"}}],"inLanguage":"ca"}]}},"_links":{"self":[{"href":"https:\/\/ibclinicadental.com\/ca\/wp-json\/wp\/v2\/pages\/634","targetHints":{"allow":["GET"]}}],"collection":[{"href":"https:\/\/ibclinicadental.com\/ca\/wp-json\/wp\/v2\/pages"}],"about":[{"href":"https:\/\/ibclinicadental.com\/ca\/wp-json\/wp\/v2\/types\/page"}],"author":[{"embeddable":true,"href":"https:\/\/ibclinicadental.com\/ca\/wp-json\/wp\/v2\/users\/1"}],"replies":[{"embeddable":true,"href":"https:\/\/ibclinicadental.com\/ca\/wp-json\/wp\/v2\/comments?post=634"}],"version-history":[{"count":12,"href":"https:\/\/ibclinicadental.com\/ca\/wp-json\/wp\/v2\/pages\/634\/revisions"}],"predecessor-version":[{"id":1862,"href":"https:\/\/ibclinicadental.com\/ca\/wp-json\/wp\/v2\/pages\/634\/revisions\/1862"}],"wp:attachment":[{"href":"https:\/\/ibclinicadental.com\/ca\/wp-json\/wp\/v2\/media?parent=634"}],"curies":[{"name":"wp","href":"https:\/\/api.w.org\/{rel}","templated":true}]}}