{"id":641,"date":"2022-02-21T09:01:20","date_gmt":"2022-02-21T09:01:20","guid":{"rendered":"https:\/\/ibclinicadental.com\/avis-legal-2"},"modified":"2025-03-05T18:45:25","modified_gmt":"2025-03-05T18:45:25","slug":"politica-de-privacidad","status":"publish","type":"page","link":"https:\/\/ibclinicadental.com\/ca\/politica-de-privacidad","title":{"rendered":"Pol\u00edtica de privadesa"},"content":{"rendered":"<div class=\"wpb-content-wrapper\"><p>[vc_row full_width=&#8221;stretch_row&#8221; content_placement=&#8221;middle&#8221; css_animation=&#8221;none&#8221; el_class=&#8221;laclinica&#8221; css=&#8221;.vc_custom_1644494633535{padding-top: 4vw !important;padding-bottom: 4vw !important;background-color: #ffffff !important;}&#8221;][vc_column][vc_row_inner content_placement=&#8221;top&#8221; css=&#8221;.vc_custom_1644494371713{padding-bottom: 4vw !important;}&#8221;][vc_column_inner width=&#8221;1\/3&#8243;][\/vc_column_inner][vc_column_inner width=&#8221;1\/3&#8243;][vc_column_text]<\/p>\n<h5 style=\"text-align: center; letter-spacing: 3px;\">POL\u00cdTICA DE PRIVACITAT<\/h5>\n<p>[\/vc_column_text][vc_separator color=&#8221;black&#8221;][\/vc_column_inner][vc_column_inner width=&#8221;1\/3&#8243;][\/vc_column_inner][\/vc_row_inner][\/vc_column][\/vc_row][vc_row full_width=&#8221;stretch_row&#8221; content_placement=&#8221;middle&#8221; css_animation=&#8221;none&#8221; el_class=&#8221;laclinica&#8221; css=&#8221;.vc_custom_1644401341194{padding-top: 6vw !important;padding-bottom: 6vw !important;background-color: #f5f5f5 !important;}&#8221;][vc_column css=&#8221;.vc_custom_1616757811868{padding-right: 4vw !important;}&#8221;][vc_row_inner css=&#8221;.vc_custom_1644401845749{padding-top: 4vw !important;}&#8221;][vc_column_inner][vc_column_text css=&#8221;.vc_custom_1645434625803{margin-bottom: 4vw !important;}&#8221;]<\/p>\n<h3 style=\"text-align: left;\">1. Qui \u00e9s el responsable del Tractament de les vostres Dades Personals?<\/h3>\n<p>[\/vc_column_text][vc_column_text el_class=&#8221;negre&#8221;]<\/p>\n<p style=\"text-align: left;\">Denominaci\u00f3: SLOWDENTISTRY, SLP<br \/>\nAdre\u00e7a: C\/ Moss\u00e8n Salvador Ritort i Faus, 23, 43002 Tarragona<br \/>\nTel\u00e8fon de contacte: 977237128<br \/>\nCorreu electr\u00f2nic: slowdentistry.slp@gmail.com<\/p>\n<p>[\/vc_column_text][vc_column_text css=&#8221;.vc_custom_1645434649294{margin-bottom: 2vw !important;padding-top: 4vw !important;}&#8221;]<\/p>\n<h3 style=\"text-align: left;\">2. Qui \u00e9s i qu\u00e8 fa el Delegat de Protecci\u00f3 de Dades?<\/h3>\n<p>[\/vc_column_text][vc_column_text el_class=&#8221;negre&#8221;]<\/p>\n<p style=\"text-align: left;\">El Delegat de Protecci\u00f3 de Dades \u00e9s el responsable de vetllar amb dilig\u00e8ncia pel compliment de la normativa de protecci\u00f3 de dades; pots posar en contacte al seg\u00fcent correu electr\u00f2nic: dpd@utpr.es<\/p>\n<p>[\/vc_column_text][vc_column_text css=&#8221;.vc_custom_1645434683058{margin-bottom: 2vw !important;padding-top: 4vw !important;}&#8221;]<\/p>\n<h3 style=\"text-align: left;\">3. Principis que aplicarem a la teva informaci\u00f3 personal<\/h3>\n<p>[\/vc_column_text][vc_column_text el_class=&#8221;negre&#8221;]En el tractament de les dades personals, aplicarem els principis seg\u00fcents que s&#8217;ajusten a les exig\u00e8ncies del nou reglament europeu de protecci\u00f3 de dades.<\/p>\n<ul>\n<li>Principi de licitud, lleialtat i transpar\u00e8ncia: Sempre requerirem el teu consentiment per al tractament de les teves dades personals per a un o diversos fins espec\u00edfics que t&#8217;informarem pr\u00e8viament amb absoluta transpar\u00e8ncia.<\/li>\n<li>Principi de minimitzaci\u00f3 de dades: Nom\u00e9s sol\u00b7licitarem les dades estrictament necess\u00e0ries en relaci\u00f3 amb les finalitats per a les quals les requerim.<\/li>\n<li>Principi de limitaci\u00f3 el termini de conservaci\u00f3: Les dades seran mantingudes a la nostra base de dades durant no m\u00e9s temps del necessari per als fins del tractament, en funci\u00f3 de la finalitat, t&#8217;informarem del termini de conservaci\u00f3 corresponent en tot cas.<\/li>\n<li>Principi d&#8217;integritat i confidencialitat: Les teves dades seran tractades de manera que es garanteixi una seguretat adequada de les dades personals i es garanteixi confidencialitat.<\/li>\n<li>Has de saber que prenem totes les precaucions necess\u00e0ries per evitar l&#8217;acc\u00e9s no autoritzat o l&#8217;\u00fas indegut de les dades dels nostres usuaris per part de tercers.<\/li>\n<\/ul>\n<p>[\/vc_column_text][vc_column_text css=&#8221;.vc_custom_1645434769006{margin-bottom: 2vw !important;padding-top: 4vw !important;}&#8221;]<\/p>\n<h3 style=\"text-align: left;\">4. Com hem obtingut les teves dades?<\/h3>\n<p>[\/vc_column_text][vc_column_text el_class=&#8221;negre&#8221;]<\/p>\n<p style=\"text-align: left;\">La base legal per al tractament de les vostres dades \u00e9s el consentiment lliure, espec\u00edfic, informat i inequ\u00edvoc, amb la finalitat de l&#8217;execuci\u00f3 del contracte de prestaci\u00f3 de serveis dentals formalitzat per l&#8217;acceptaci\u00f3 de pressupost, o si escau, l&#8217;elaboraci\u00f3 de pressupost previ .<\/p>\n<p style=\"text-align: left;\">Excepcionalment, i sempre amb el consentiment previ, es podrien haver obtingut per altres mitjans.<\/p>\n<p>[\/vc_column_text][vc_column_text css=&#8221;.vc_custom_1645434818334{margin-bottom: 2vw !important;padding-top: 4vw !important;}&#8221;]<\/p>\n<h3 style=\"text-align: left;\">5. Quines dades personals tractem<\/h3>\n<p>[\/vc_column_text][vc_column_text el_class=&#8221;negre&#8221;]<\/p>\n<p style=\"text-align: left;\">Les dades personals que tractem, per a les leg\u00edtimes finalitats que t&#8217;expliquem al punt 6., i en funci\u00f3 dels serveis, poden ser,<\/p>\n<ul>\n<li style=\"text-align: left;\">Noms i cognoms<\/li>\n<li style=\"text-align: left;\">Adre\u00e7a postal<\/li>\n<li style=\"text-align: left;\">NIF<\/li>\n<li style=\"text-align: left;\">Tel\u00e8fon<\/li>\n<li style=\"text-align: left;\">Correu electr\u00f2nic<\/li>\n<li style=\"text-align: left;\">Radiografies dentals (periapical, aleta\/mossegada, cefalometria o telerradiografia, tac dental, ortopantomografia)<\/li>\n<li style=\"text-align: left;\">Dades de salut obtingudes de converses amb tu<\/li>\n<li style=\"text-align: left;\">Dades relatives a lasseguran\u00e7a m\u00e8dica.<\/li>\n<\/ul>\n<p>[\/vc_column_text][vc_column_text css=&#8221;.vc_custom_1645434873901{margin-bottom: 2vw !important;padding-top: 4vw !important;}&#8221;]<\/p>\n<h3 style=\"text-align: left;\">6. Amb quin objectiu tractem les teves dades personals<\/h3>\n<p>[\/vc_column_text][vc_column_text el_class=&#8221;negre&#8221;]Tractem les teves dades personals amb la finalitat primordial de recollir les teves dades de salut per tal de facilitar-te la millor assist\u00e8ncia sanit\u00e0ria, deixant const\u00e0ncia de totes aquelles dades que, sota criteri m\u00e8dic, permetin el coneixement vera\u00e7 i actualitzat del teu estat de salut i que tinguin rellev\u00e0ncia per al tractament m\u00e8dic a realitzar.<\/p>\n<p>Aix\u00ed mateix, tamb\u00e9 tractem les vostres dades personals per gestionar tots els serveis addicionals relacionats amb l&#8217;assist\u00e8ncia sanit\u00e0ria (laboratoris d&#8217;an\u00e0lisi, prot\u00e8tics), la relaci\u00f3 amb la vostra entitat asseguradora o m\u00fatua, i per a la gesti\u00f3 comptable i fiscal, en particular, la facturaci\u00f3 dels serveis prestats.<\/p>\n<p>Aix\u00ed mateix, sempre que pr\u00e8viament tinguem el vostre consentiment per a la gesti\u00f3 i desenvolupament d&#8217;activitats de m\u00e0rqueting i l&#8217;enviament de comunicacions comercials per mitjans electr\u00f2nics.[\/vc_column_text][vc_column_text css=&#8221;.vc_custom_1645434926472{margin-bottom: 2vw !important;padding-top: 4vw !important;}&#8221;]<\/p>\n<h3 style=\"text-align: left;\">7. Quan i perqu\u00e8 motiu podem facilitar les teves dades a terceres persones.<\/h3>\n<p>[\/vc_column_text][vc_column_text el_class=&#8221;negre&#8221;]Les teves dades personals podran ser cedides als seg\u00fcents destinataris pels<br \/>\nmotius que s&#8217;indiquen,<\/p>\n<ul>\n<li>Administracions p\u00fabliques: per al compliment de les obligacions legals a qu\u00e8 estem subjectes per la nostra activitat.<\/li>\n<li>M\u00fatues i Companyies d&#8217;assegurances: en el cas que accedisques als nostres serveis a trav\u00e9s d&#8217;una asseguran\u00e7a m\u00e8dica i amb l&#8217;\u00fanica finalitat de poder gestionar la gesti\u00f3 i el cobrament dels serveis prestats.<\/li>\n<li>Laboratoris d&#8217;an\u00e0lisi, prot\u00e8tics dentals i similars: amb l&#8217;\u00fanica finalitat de donar-te el tractament contractat.<\/li>\n<li>Professionals sanitaris, col\u00b7laboradors de la cl\u00ednica: amb l&#8217;\u00fanica finalitat de poder fer el tractament contractat. En tot cas, les dades no surten mai de la cl\u00ednica.<\/li>\n<li>Gestoria fiscal i comptable: amb l&#8217;\u00fanica finalitat de gestionar la nostra comptabilitat (emetre factura, presentaci\u00f3 de declaracions fiscals, obligacions mercantils\u2026)<\/li>\n<\/ul>\n<p>[\/vc_column_text][\/vc_column_inner][\/vc_row_inner][vc_column_text css=&#8221;.vc_custom_1645433702017{margin-bottom: 2vw !important;padding-top: 4vw !important;}&#8221;]<\/p>\n<h3 style=\"text-align: left;\">7. Enlla\u00e7os de Tercers<\/h3>\n<p>[\/vc_column_text][vc_column_text el_class=&#8221;negre&#8221;]7.1. En cas que a la Web es disposessin enlla\u00e7os o hipervincles cap a altres llocs d&#8217;Internet, LA CLINICA no exercir\u00e0 cap tipus de control sobre aquests llocs i continguts. En cap cas LA CLINICA assumir\u00e0 cap responsabilitat pels continguts d&#8217;algun enlla\u00e7 pertanyent a un lloc web ali\u00e8, ni garantir\u00e0 la disponibilitat t\u00e8cnica, qualitat, fiabilitat, exactitud, amplitud, veracitat, validesa i constitucionalitat de qualsevol material o informaci\u00f3 continguda al capdavant dels hipervincles o altres llocs dInternet.<\/p>\n<p>7.2. Aquests enlla\u00e7os es proporcionen \u00fanicament per informar l&#8217;Usuari sobre l&#8217;exist\u00e8ncia d&#8217;altres fonts d&#8217;informaci\u00f3 sobre un tema concret, i la inclusi\u00f3 d&#8217;un enlla\u00e7 no implica l&#8217;aprovaci\u00f3 de la p\u00e0gina web enlla\u00e7ada per LA CLINICA.<\/p>\n<p>7.3. LA CLINICA nom\u00e9s autoritza mencions als seus continguts a altres seus Web, amb el tractament que aquestes considerin sempre que sigui respectu\u00f3s, compleixi la legislaci\u00f3 vigent i en cap cas reprodueixin, sense la deguda autoritzaci\u00f3, els continguts de LA CLINICA.[\/vc_column_text][vc_column_text css=&#8221;.vc_custom_1645435009347{margin-bottom: 2vw !important;padding-top: 4vw !important;}&#8221;]<\/p>\n<h3 style=\"text-align: left;\">8. Transfer\u00e8ncies internacionals dades<\/h3>\n<p>[\/vc_column_text][vc_column_text el_class=&#8221;negre&#8221;]En cap cas transferim les vostres dades personals a cap persona o entitat ni dins ni fora de la CEE.[\/vc_column_text][vc_column_text css=&#8221;.vc_custom_1645435040951{margin-bottom: 2vw !important;padding-top: 4vw !important;}&#8221;]<\/p>\n<h3 style=\"text-align: left;\">9. Quant temps guardem les teves dades personals<\/h3>\n<p>[\/vc_column_text][vc_column_text el_class=&#8221;negre&#8221;]Historial Cl\u00ednic: els terminis legalment establerts per a aquest tipus de document que en aquests moments estan establerts en 15 anys.<\/p>\n<p>Altres dades personals (noms i cognoms, adre\u00e7a postal, NIF): els terminis legalment establerts per la legislaci\u00f3 fiscal i mercantil[\/vc_column_text][vc_column_text css=&#8221;.vc_custom_1645435073807{margin-bottom: 2vw !important;padding-top: 4vw !important;}&#8221;]<\/p>\n<h3 style=\"text-align: left;\">10. Quins s\u00f3n els teus drets?<\/h3>\n<p>[\/vc_column_text][vc_column_text el_class=&#8221;negre&#8221;]Qualsevol persona t\u00e9 dret a obtenir confirmaci\u00f3 sobre si estem tractant dades personals que us concerneixin o no.<\/p>\n<ul>\n<li>Les persones interessades tenen dret a<\/li>\n<li>Sol\u00b7licitar l&#8217;acc\u00e9s a les dades personals relatives a la persona interessada.<\/li>\n<li>Sol\u00b7licitar-ne la rectificaci\u00f3 o supressi\u00f3.<\/li>\n<li>Sol\u00b7licitar la limitaci\u00f3 del tractament<\/li>\n<li>Oposar-se al tractament.<\/li>\n<\/ul>\n<p>Sol\u00b7licitar la portabilitat de les dades.<\/p>\n<p>Tenim a la teva disposici\u00f3 els models corresponents perqu\u00e8 puguis exercir els teus drets. ja no siguin necessaris per als fins que van ser recollits.<br \/>\nEn determinades circumst\u00e0ncies, els interessats podran sol\u00b7licitar la limitaci\u00f3 del tractament de les seves dades, cas en qu\u00e8 \u00fanicament es conservaran per a l&#8217;exercici o la defensa de reclamacions.<\/p>\n<p>En determinades circumst\u00e0ncies i per motius relacionats amb la seva situaci\u00f3 particular, els interessats es poden oposar al tractament de les seves dades.<\/p>\n<p>Els interessats tamb\u00e9 tindran dret a la tutela judicial efectiva ia presentar una reclamaci\u00f3 davant l&#8217;autoritat de control, en aquest cas, l&#8217;Ag\u00e8ncia Espanyola de Protecci\u00f3 de Dades, si consideren que el tractament de dades personals que li concerneixen infringeix el Reglament Europeu de Protecci\u00f3 de Dades.[\/vc_column_text][\/vc_column][\/vc_row]<\/p>\n<\/div>","protected":false},"excerpt":{"rendered":"<p>[vc_row full_width=&#8221;stretch_row&#8221; content_placement=&#8221;middle&#8221; css_animation=&#8221;none&#8221; el_class=&#8221;laclinica&#8221; css=&#8221;.vc_custom_1644494633535{padding-top: 4vw !important;padding-bottom: 4vw !important;background-color: #ffffff !important;}&#8221;][vc_column][vc_row_inner content_placement=&#8221;top&#8221; css=&#8221;.vc_custom_1644494371713{padding-bottom: 4vw !important;}&#8221;][vc_column_inner width=&#8221;1\/3&#8243;][\/vc_column_inner][vc_column_inner width=&#8221;1\/3&#8243;][vc_column_text] POL\u00cdTICA DE PRIVACITAT [\/vc_column_text][vc_separator color=&#8221;black&#8221;][\/vc_column_inner][vc_column_inner width=&#8221;1\/3&#8243;][\/vc_column_inner][\/vc_row_inner][\/vc_column][\/vc_row][vc_row full_width=&#8221;stretch_row&#8221; content_placement=&#8221;middle&#8221; css_animation=&#8221;none&#8221; el_class=&#8221;laclinica&#8221; css=&#8221;.vc_custom_1644401341194{padding-top: 6vw !important;padding-bottom: 6vw !important;background-color: #f5f5f5 !important;}&#8221;][vc_column css=&#8221;.vc_custom_1616757811868{padding-right: 4vw !important;}&#8221;][vc_row_inner css=&#8221;.vc_custom_1644401845749{padding-top: 4vw !important;}&#8221;][vc_column_inner][vc_column_text css=&#8221;.vc_custom_1645434625803{margin-bottom: 4vw !important;}&#8221;] 1. Qui \u00e9s el responsable del Tractament de les vostres Dades&hellip;<\/p>\n","protected":false},"author":1,"featured_media":0,"parent":0,"menu_order":0,"comment_status":"closed","ping_status":"closed","template":"","meta":{"_acf_changed":false,"_monsterinsights_skip_tracking":false,"_monsterinsights_sitenote_active":false,"_monsterinsights_sitenote_note":"","_monsterinsights_sitenote_category":0,"footnotes":""},"class_list":["post-641","page","type-page","status-publish","hentry"],"acf":[],"yoast_head":"<!-- This site is optimized with the Yoast SEO plugin v26.7 - https:\/\/yoast.com\/wordpress\/plugins\/seo\/ -->\n<title>Pol\u00edtica de privadesa - IB Clinica Dental<\/title>\n<meta name=\"robots\" content=\"index, follow, max-snippet:-1, max-image-preview:large, max-video-preview:-1\" \/>\n<link rel=\"canonical\" href=\"https:\/\/ibclinicadental.com\/ca\/politica-de-privacidad\" \/>\n<meta property=\"og:locale\" content=\"ca_ES\" \/>\n<meta property=\"og:type\" content=\"article\" \/>\n<meta property=\"og:title\" content=\"Pol\u00edtica de privadesa - IB Clinica Dental\" \/>\n<meta property=\"og:description\" content=\"[vc_row full_width=&#8221;stretch_row&#8221; content_placement=&#8221;middle&#8221; css_animation=&#8221;none&#8221; el_class=&#8221;laclinica&#8221; css=&#8221;.vc_custom_1644494633535{padding-top: 4vw !important;padding-bottom: 4vw !important;background-color: #ffffff !important;}&#8221;][vc_column][vc_row_inner content_placement=&#8221;top&#8221; css=&#8221;.vc_custom_1644494371713{padding-bottom: 4vw !important;}&#8221;][vc_column_inner width=&#8221;1\/3&#8243;][\/vc_column_inner][vc_column_inner width=&#8221;1\/3&#8243;][vc_column_text] POL\u00cdTICA DE PRIVACITAT [\/vc_column_text][vc_separator color=&#8221;black&#8221;][\/vc_column_inner][vc_column_inner width=&#8221;1\/3&#8243;][\/vc_column_inner][\/vc_row_inner][\/vc_column][\/vc_row][vc_row full_width=&#8221;stretch_row&#8221; content_placement=&#8221;middle&#8221; css_animation=&#8221;none&#8221; el_class=&#8221;laclinica&#8221; css=&#8221;.vc_custom_1644401341194{padding-top: 6vw !important;padding-bottom: 6vw !important;background-color: #f5f5f5 !important;}&#8221;][vc_column css=&#8221;.vc_custom_1616757811868{padding-right: 4vw !important;}&#8221;][vc_row_inner css=&#8221;.vc_custom_1644401845749{padding-top: 4vw !important;}&#8221;][vc_column_inner][vc_column_text css=&#8221;.vc_custom_1645434625803{margin-bottom: 4vw !important;}&#8221;] 1. Qui \u00e9s el responsable del Tractament de les vostres Dades&hellip;\" \/>\n<meta property=\"og:url\" content=\"https:\/\/ibclinicadental.com\/ca\/politica-de-privacidad\" \/>\n<meta property=\"og:site_name\" content=\"IB Clinica Dental\" \/>\n<meta property=\"article:modified_time\" content=\"2025-03-05T18:45:25+00:00\" \/>\n<meta name=\"twitter:card\" content=\"summary_large_image\" \/>\n<meta name=\"twitter:label1\" content=\"Temps estimat de lectura\" \/>\n\t<meta name=\"twitter:data1\" content=\"8 minuts\" \/>\n<script type=\"application\/ld+json\" class=\"yoast-schema-graph\">{\"@context\":\"https:\/\/schema.org\",\"@graph\":[{\"@type\":\"WebPage\",\"@id\":\"https:\/\/ibclinicadental.com\/ca\/politica-de-privacidad\",\"url\":\"https:\/\/ibclinicadental.com\/ca\/politica-de-privacidad\",\"name\":\"Pol\u00edtica de privadesa - IB Clinica Dental\",\"isPartOf\":{\"@id\":\"https:\/\/ibclinicadental.com\/ca#website\"},\"datePublished\":\"2022-02-21T09:01:20+00:00\",\"dateModified\":\"2025-03-05T18:45:25+00:00\",\"breadcrumb\":{\"@id\":\"https:\/\/ibclinicadental.com\/ca\/politica-de-privacidad#breadcrumb\"},\"inLanguage\":\"ca\",\"potentialAction\":[{\"@type\":\"ReadAction\",\"target\":[\"https:\/\/ibclinicadental.com\/ca\/politica-de-privacidad\"]}]},{\"@type\":\"BreadcrumbList\",\"@id\":\"https:\/\/ibclinicadental.com\/ca\/politica-de-privacidad#breadcrumb\",\"itemListElement\":[{\"@type\":\"ListItem\",\"position\":1,\"name\":\"Portada\",\"item\":\"https:\/\/ibclinicadental.com\/ca\"},{\"@type\":\"ListItem\",\"position\":2,\"name\":\"Pol\u00edtica de privadesa\"}]},{\"@type\":\"WebSite\",\"@id\":\"https:\/\/ibclinicadental.com\/ca#website\",\"url\":\"https:\/\/ibclinicadental.com\/ca\",\"name\":\"IB Clinica Dental\",\"description\":\"Clinica Dental en Tarragona. Excelencia en Odontolog\u00eda\",\"potentialAction\":[{\"@type\":\"SearchAction\",\"target\":{\"@type\":\"EntryPoint\",\"urlTemplate\":\"https:\/\/ibclinicadental.com\/ca?s={search_term_string}\"},\"query-input\":{\"@type\":\"PropertyValueSpecification\",\"valueRequired\":true,\"valueName\":\"search_term_string\"}}],\"inLanguage\":\"ca\"}]}<\/script>\n<!-- \/ Yoast SEO plugin. -->","yoast_head_json":{"title":"Pol\u00edtica de privadesa - IB Clinica Dental","robots":{"index":"index","follow":"follow","max-snippet":"max-snippet:-1","max-image-preview":"max-image-preview:large","max-video-preview":"max-video-preview:-1"},"canonical":"https:\/\/ibclinicadental.com\/ca\/politica-de-privacidad","og_locale":"ca_ES","og_type":"article","og_title":"Pol\u00edtica de privadesa - IB Clinica Dental","og_description":"[vc_row full_width=&#8221;stretch_row&#8221; content_placement=&#8221;middle&#8221; css_animation=&#8221;none&#8221; el_class=&#8221;laclinica&#8221; css=&#8221;.vc_custom_1644494633535{padding-top: 4vw !important;padding-bottom: 4vw !important;background-color: #ffffff !important;}&#8221;][vc_column][vc_row_inner content_placement=&#8221;top&#8221; css=&#8221;.vc_custom_1644494371713{padding-bottom: 4vw !important;}&#8221;][vc_column_inner width=&#8221;1\/3&#8243;][\/vc_column_inner][vc_column_inner width=&#8221;1\/3&#8243;][vc_column_text] POL\u00cdTICA DE PRIVACITAT [\/vc_column_text][vc_separator color=&#8221;black&#8221;][\/vc_column_inner][vc_column_inner width=&#8221;1\/3&#8243;][\/vc_column_inner][\/vc_row_inner][\/vc_column][\/vc_row][vc_row full_width=&#8221;stretch_row&#8221; content_placement=&#8221;middle&#8221; css_animation=&#8221;none&#8221; el_class=&#8221;laclinica&#8221; css=&#8221;.vc_custom_1644401341194{padding-top: 6vw !important;padding-bottom: 6vw !important;background-color: #f5f5f5 !important;}&#8221;][vc_column css=&#8221;.vc_custom_1616757811868{padding-right: 4vw !important;}&#8221;][vc_row_inner css=&#8221;.vc_custom_1644401845749{padding-top: 4vw !important;}&#8221;][vc_column_inner][vc_column_text css=&#8221;.vc_custom_1645434625803{margin-bottom: 4vw !important;}&#8221;] 1. Qui \u00e9s el responsable del Tractament de les vostres Dades&hellip;","og_url":"https:\/\/ibclinicadental.com\/ca\/politica-de-privacidad","og_site_name":"IB Clinica Dental","article_modified_time":"2025-03-05T18:45:25+00:00","twitter_card":"summary_large_image","twitter_misc":{"Temps estimat de lectura":"8 minuts"},"schema":{"@context":"https:\/\/schema.org","@graph":[{"@type":"WebPage","@id":"https:\/\/ibclinicadental.com\/ca\/politica-de-privacidad","url":"https:\/\/ibclinicadental.com\/ca\/politica-de-privacidad","name":"Pol\u00edtica de privadesa - IB Clinica Dental","isPartOf":{"@id":"https:\/\/ibclinicadental.com\/ca#website"},"datePublished":"2022-02-21T09:01:20+00:00","dateModified":"2025-03-05T18:45:25+00:00","breadcrumb":{"@id":"https:\/\/ibclinicadental.com\/ca\/politica-de-privacidad#breadcrumb"},"inLanguage":"ca","potentialAction":[{"@type":"ReadAction","target":["https:\/\/ibclinicadental.com\/ca\/politica-de-privacidad"]}]},{"@type":"BreadcrumbList","@id":"https:\/\/ibclinicadental.com\/ca\/politica-de-privacidad#breadcrumb","itemListElement":[{"@type":"ListItem","position":1,"name":"Portada","item":"https:\/\/ibclinicadental.com\/ca"},{"@type":"ListItem","position":2,"name":"Pol\u00edtica de privadesa"}]},{"@type":"WebSite","@id":"https:\/\/ibclinicadental.com\/ca#website","url":"https:\/\/ibclinicadental.com\/ca","name":"IB Clinica Dental","description":"Clinica Dental en Tarragona. Excelencia en Odontolog\u00eda","potentialAction":[{"@type":"SearchAction","target":{"@type":"EntryPoint","urlTemplate":"https:\/\/ibclinicadental.com\/ca?s={search_term_string}"},"query-input":{"@type":"PropertyValueSpecification","valueRequired":true,"valueName":"search_term_string"}}],"inLanguage":"ca"}]}},"_links":{"self":[{"href":"https:\/\/ibclinicadental.com\/ca\/wp-json\/wp\/v2\/pages\/641","targetHints":{"allow":["GET"]}}],"collection":[{"href":"https:\/\/ibclinicadental.com\/ca\/wp-json\/wp\/v2\/pages"}],"about":[{"href":"https:\/\/ibclinicadental.com\/ca\/wp-json\/wp\/v2\/types\/page"}],"author":[{"embeddable":true,"href":"https:\/\/ibclinicadental.com\/ca\/wp-json\/wp\/v2\/users\/1"}],"replies":[{"embeddable":true,"href":"https:\/\/ibclinicadental.com\/ca\/wp-json\/wp\/v2\/comments?post=641"}],"version-history":[{"count":5,"href":"https:\/\/ibclinicadental.com\/ca\/wp-json\/wp\/v2\/pages\/641\/revisions"}],"predecessor-version":[{"id":1859,"href":"https:\/\/ibclinicadental.com\/ca\/wp-json\/wp\/v2\/pages\/641\/revisions\/1859"}],"wp:attachment":[{"href":"https:\/\/ibclinicadental.com\/ca\/wp-json\/wp\/v2\/media?parent=641"}],"curies":[{"name":"wp","href":"https:\/\/api.w.org\/{rel}","templated":true}]}}