{"id":915,"date":"2023-01-30T17:21:32","date_gmt":"2023-01-30T17:21:32","guid":{"rendered":"https:\/\/ibclinicadental.com\/dentistas-a-cambrils-2"},"modified":"2024-05-21T20:20:09","modified_gmt":"2024-05-21T20:20:09","slug":"dentistas-a-torredembarra","status":"publish","type":"page","link":"https:\/\/ibclinicadental.com\/ca\/dentistas-a-torredembarra","title":{"rendered":"Dentistes a Torredembarra"},"content":{"rendered":"<div class=\"wpb-content-wrapper\"><p>[vc_row full_width=&#8221;stretch_row_content_no_spaces&#8221;][vc_column]\n\t\t\t<!-- START IB LOGO REVOLUTION SLIDER 6.7.40 --><p class=\"rs-p-wp-fix\"><\/p>\n\t\t\t<rs-module-wrap id=\"rev_slider_1_1_wrapper\" data-source=\"gallery\" style=\"visibility:hidden;background:transparent;padding:0;\">\n\t\t\t\t<rs-module id=\"rev_slider_1_1\" style=\"\" data-version=\"6.7.40\">\n\t\t\t\t\t<rs-slides style=\"overflow: hidden; position: absolute;\">\n\t\t\t\t\t\t<rs-slide style=\"position: absolute;\" data-key=\"rs-1\" data-title=\"Slide\" data-anim=\"adpr:false;ms:600;\" data-in=\"o:0;\" data-out=\"a:false;\">\n\t\t\t\t\t\t\t<img decoding=\"async\" src=\"\/\/ibclinicadental.com\/wp-content\/plugins\/revslider\/sr6\/assets\/assets\/dummy.png\" alt=\"Slide\" title=\"Dentistes a Torredembarra\" class=\"rev-slidebg tp-rs-img rs-lazyload\" data-lazyload=\"\/\/ibclinicadental.com\/wp-content\/plugins\/revslider\/sr6\/assets\/assets\/transparent.png\" data-bg=\"c:#000000;\" data-no-retina>\n<!--\n\t\t\t\t\t\t\t--><rs-layer\n\t\t\t\t\t\t\t\tid=\"slider-1-slide-1-layer-1\" \n\t\t\t\t\t\t\t\tdata-type=\"image\"\n\t\t\t\t\t\t\t\tdata-rsp_ch=\"on\"\n\t\t\t\t\t\t\t\tdata-xy=\"x:l,l,l,c;xo:0,0,0,-27px;y:t,t,t,m;yo:0,0,-2px,8px;\"\n\t\t\t\t\t\t\t\tdata-text=\"w:normal;s:20,16,12,7;l:0,20,15,9;\"\n\t\t\t\t\t\t\t\tdata-dim=\"w:100%,100%,100%,1286px;h:auto,auto,auto,858px;\"\n\t\t\t\t\t\t\t\tdata-basealign=\"slide\"\n\t\t\t\t\t\t\t\tdata-frame_1=\"sp:0;\"\n\t\t\t\t\t\t\t\tdata-frame_999=\"o:0;st:w;sR:9000;\"\n\t\t\t\t\t\t\t\tstyle=\"z-index:8;\"\n\t\t\t\t\t\t\t><img decoding=\"async\" src=\"\/\/ibclinicadental.com\/wp-content\/plugins\/revslider\/sr6\/assets\/assets\/dummy.png\" alt=\"\" class=\"tp-rs-img rs-lazyload\" width=\"2560\" height=\"1707\" data-lazyload=\"\/\/ibclinicadental.com\/wp-content\/uploads\/revslider\/ib-1\/lesly-juarez-1AhGNGKuhR0-unsplash-1-scaled.jpg\" data-no-retina> \n\t\t\t\t\t\t\t<\/rs-layer><!--\n\n\t\t\t\t\t\t\t--><rs-layer\n\t\t\t\t\t\t\t\tid=\"slider-1-slide-1-layer-2\" \n\t\t\t\t\t\t\t\tdata-type=\"image\"\n\t\t\t\t\t\t\t\tdata-rsp_ch=\"on\"\n\t\t\t\t\t\t\t\tdata-xy=\"x:c;y:m;yo:-159px,-175px,-173px,-151px;\"\n\t\t\t\t\t\t\t\tdata-text=\"w:normal;s:20,16,12,7;l:0,20,15,9;\"\n\t\t\t\t\t\t\t\tdata-dim=\"w:473px,390px,296px,182px;h:237px,195px,148px,91px;\"\n\t\t\t\t\t\t\t\tdata-frame_1=\"sp:3680;\"\n\t\t\t\t\t\t\t\tdata-frame_999=\"o:0;st:w;sR:5320;\"\n\t\t\t\t\t\t\t\tstyle=\"z-index:9;\"\n\t\t\t\t\t\t\t><img decoding=\"async\" src=\"\/\/ibclinicadental.com\/wp-content\/plugins\/revslider\/sr6\/assets\/assets\/dummy.png\" alt=\"\" class=\"tp-rs-img rs-lazyload\" data-lazyload=\"\/\/ibclinicadental.com\/wp-content\/uploads\/revslider\/ib-1\/ib-logo-w-1.svg\" data-no-retina> \n\t\t\t\t\t\t\t<\/rs-layer><!--\n\n\t\t\t\t\t\t\t--><a\n\t\t\t\t\t\t\t\tid=\"slider-1-slide-1-layer-3\" \n\t\t\t\t\t\t\t\tclass=\"rs-layer homelink\"\n\t\t\t\t\t\t\t\thref=\"https:\/\/goo.gl\/maps\/Fya8je4S4F99WU7m8\" target=\"_blank\" rel=\"noopener\"\n\t\t\t\t\t\t\t\tdata-type=\"text\"\n\t\t\t\t\t\t\t\tdata-rsp_ch=\"on\"\n\t\t\t\t\t\t\t\tdata-xy=\"x:c;y:m;yo:41px,19px,5px,-4px;\"\n\t\t\t\t\t\t\t\tdata-text=\"s:14,14,14,15;l:22;ls:4px;fw:300;a:center;\"\n\t\t\t\t\t\t\t\tdata-frame_0=\"y:-100%;o:1;\"\n\t\t\t\t\t\t\t\tdata-frame_0_mask=\"u:t;\"\n\t\t\t\t\t\t\t\tdata-frame_1=\"st:820;sp:1500;sR:820;\"\n\t\t\t\t\t\t\t\tdata-frame_1_mask=\"u:t;\"\n\t\t\t\t\t\t\t\tdata-frame_999=\"o:0;st:w;sR:6680;\"\n\t\t\t\t\t\t\t\tstyle=\"z-index:14;font-family:'Arial', 'Helvetica', 'sans-serif';text-transform:uppercase;.homelink color:white !important;\"\n\t\t\t\t\t\t\t>Mossen Ritort i Faus, 25B<br \/>\n43002 Tarragona \n\t\t\t\t\t\t\t<\/a><!--\n\n\t\t\t\t\t\t\t--><rs-layer\n\t\t\t\t\t\t\t\tid=\"slider-1-slide-1-layer-4\" \n\t\t\t\t\t\t\t\tdata-type=\"object\"\n\t\t\t\t\t\t\t\tdata-rsp_ch=\"on\"\n\t\t\t\t\t\t\t\tdata-xy=\"xo:50px,41px,31px,19px;yo:167px,137px,104px,64px;\"\n\t\t\t\t\t\t\t\tdata-text=\"w:normal;s:20,16,12,7;l:0,20,15,9;\"\n\t\t\t\t\t\t\t\tdata-frame_999=\"o:0;st:w;sR:8700;\"\n\t\t\t\t\t\t\t\tstyle=\"z-index:10;font-family:'Roboto';\"\n\t\t\t\t\t\t\t> \n\t\t\t\t\t\t\t<\/rs-layer><!--\n\n\t\t\t\t\t\t\t--><rs-layer\n\t\t\t\t\t\t\t\tid=\"slider-1-slide-1-layer-6\" \n\t\t\t\t\t\t\t\tdata-type=\"text\"\n\t\t\t\t\t\t\t\tdata-rsp_ch=\"on\"\n\t\t\t\t\t\t\t\tdata-xy=\"x:c;y:b,m,m,m;yo:212px,233px,206px,216px;\"\n\t\t\t\t\t\t\t\tdata-text=\"s:14,14,14,15;l:22;ls:4px;fw:300;a:center;\"\n\t\t\t\t\t\t\t\tdata-basealign=\"slide\"\n\t\t\t\t\t\t\t\tdata-frame_0=\"y:-100%;o:1;\"\n\t\t\t\t\t\t\t\tdata-frame_0_mask=\"u:t;\"\n\t\t\t\t\t\t\t\tdata-frame_1=\"st:820;sp:1500;sR:820;\"\n\t\t\t\t\t\t\t\tdata-frame_1_mask=\"u:t;\"\n\t\t\t\t\t\t\t\tdata-frame_999=\"o:0;st:w;sR:6680;\"\n\t\t\t\t\t\t\t\tstyle=\"z-index:12;font-family:'Arial', 'Helvetica', 'sans-serif';text-transform:uppercase;\"\n\t\t\t\t\t\t\t>BENVINGUTS\/ES \n\t\t\t\t\t\t\t<\/rs-layer><!--\n\n\t\t\t\t\t\t\t--><a\n\t\t\t\t\t\t\t\tid=\"slider-1-slide-1-layer-7\" \n\t\t\t\t\t\t\t\tclass=\"rs-layer homelink\"\n\t\t\t\t\t\t\t\thref=\"tel:+34977237128\" target=\"_self\"\n\t\t\t\t\t\t\t\tdata-type=\"text\"\n\t\t\t\t\t\t\t\tdata-rsp_ch=\"on\"\n\t\t\t\t\t\t\t\tdata-xy=\"x:c;y:m;yo:134px,139px,135px,123px;\"\n\t\t\t\t\t\t\t\tdata-text=\"s:14,14,14,15;l:22;ls:4px;fw:300;a:center;\"\n\t\t\t\t\t\t\t\tdata-frame_0=\"y:-100%;o:1;\"\n\t\t\t\t\t\t\t\tdata-frame_0_mask=\"u:t;\"\n\t\t\t\t\t\t\t\tdata-frame_1=\"st:820;sp:1500;sR:820;\"\n\t\t\t\t\t\t\t\tdata-frame_1_mask=\"u:t;\"\n\t\t\t\t\t\t\t\tdata-frame_999=\"o:0;st:w;sR:6680;\"\n\t\t\t\t\t\t\t\tstyle=\"z-index:13;font-family:'Arial', 'Helvetica', 'sans-serif';text-transform:uppercase;.homelink color:white !important;\"\n\t\t\t\t\t\t\t>Telf 977237128<br \/>m\u00f2bil 638805558<br \/><br \/>Dill a dij: de 9.30-13.30 i de 15-20h\n<br \/>Div: 9.30-19h \n\t\t\t\t\t\t\t<\/a><!--\n\n\t\t\t\t\t\t\t--><rs-layer\n\t\t\t\t\t\t\t\tid=\"slider-1-slide-1-layer-10\" \n\t\t\t\t\t\t\t\tdata-type=\"image\"\n\t\t\t\t\t\t\t\tdata-rsp_ch=\"on\"\n\t\t\t\t\t\t\t\tdata-xy=\"x:c;y:b;yo:69px,56px,174px,211px;\"\n\t\t\t\t\t\t\t\tdata-text=\"w:normal;s:20,16,12,7;l:0,20,15,9;\"\n\t\t\t\t\t\t\t\tdata-dim=\"w:18px,14px,10px,13px;h:111px,91px,69px,80px;\"\n\t\t\t\t\t\t\t\tdata-basealign=\"slide\"\n\t\t\t\t\t\t\t\tdata-frame_1=\"st:1140;sp:1190;sR:1140;\"\n\t\t\t\t\t\t\t\tdata-frame_999=\"o:0;st:w;sR:6670;\"\n\t\t\t\t\t\t\t\tdata-loop_0=\"y:20px;\"\n\t\t\t\t\t\t\t\tdata-loop_999=\"crd:t;sp:2000;yym:t;\"\n\t\t\t\t\t\t\t\tstyle=\"z-index:11;\"\n\t\t\t\t\t\t\t><img decoding=\"async\" src=\"\/\/ibclinicadental.com\/wp-content\/plugins\/revslider\/sr6\/assets\/assets\/dummy.png\" alt=\"\" class=\"tp-rs-img rs-lazyload\" data-lazyload=\"\/\/ibclinicadental.com\/wp-content\/uploads\/revslider\/ib-1\/ib-arrow-w-06.svg\" data-no-retina> \n\t\t\t\t\t\t\t<\/rs-layer><!--\n-->\t\t\t\t\t<\/rs-slide>\n\t\t\t\t\t<\/rs-slides>\n\t\t\t\t<\/rs-module>\n\t\t\t\t<script>\n\t\t\t\t\tsetREVStartSize({c: 'rev_slider_1_1',rl:[1240,1024,778,480],el:[867.995,768,960,720],gw:[1240,1024,778,480],gh:[868,768,960,720],type:'hero',justify:'',layout:'fullscreen',offsetContainer:'',offset:'',mh:\"0\"});if (window.RS_MODULES!==undefined && window.RS_MODULES.modules!==undefined && window.RS_MODULES.modules[\"revslider11\"]!==undefined) {window.RS_MODULES.modules[\"revslider11\"].once = false;window.revapi1 = undefined;if (window.RS_MODULES.checkMinimal!==undefined) window.RS_MODULES.checkMinimal()}\n\t\t\t\t<\/script>\n\t\t\t<\/rs-module-wrap>\n\t\t\t<!-- END REVOLUTION SLIDER -->\n[\/vc_column][\/vc_row][vc_row full_width=&#8221;stretch_row&#8221; content_placement=&#8221;middle&#8221; css=&#8221;.vc_custom_1644508350268{padding-top: 4vw !important;padding-bottom: 4vw !important;background-color: #00b9b4 !important;background-position: center !important;background-repeat: no-repeat !important;background-size: cover !important;}&#8221; el_class=&#8221;hero2&#8243; el_id=&#8221;hero2&#8243;][vc_column][vc_column_text]<\/p>\n<h1 style=\"text-align: center;\"><span style=\"color: #ffffff;\">DENTISTES A TARRAGONA IB CL\u00cdNICA DENTAL  <\/span><\/h1>\n<p>[\/vc_column_text][vc_raw_html css=&#8221;.vc_custom_1673514038740{padding-bottom: 2vw !important;}&#8221;]PHZpZGVvIGlkPSJiaWVsbyIgcGxheXNpbmxpbmU9IiIgY29udHJvbHM9IiIgYXV0b3BsYXk9IiIgbXV0ZWQ9IiIgbG9vcD0iIiB3aWR0aD0iMTAwJSI+IDxzb3VyY2Ugc3JjPSJodHRwczovL2RsLmRyb3Bib3h1c2VyY29udGVudC5jb20vcy9qdnV3NXJiZ25ubXIwcXEvQ2wlQzMlQURuaWNhLm1wNCIgdHlwZT0idmlkZW8vbXA0Ij4gPC9zb3VyY2U+PC9zb3VyY2U+PC92aWRlbz4=[\/vc_raw_html][vc_column_text]<\/p>\n<h3 style=\"text-align: center;\"><span style=\"color: white;\">Confia en el nostre equip de Dentistes a Tarragona, a IB Cl\u00ednica Dental aspirem a l&#8217;excel\u00b7l\u00e8ncia en cada tractament bucodental.<\/span><\/h3>\n<h3 style=\"text-align: center;\"><span style=\"color: white;\">Odontologia planificada i de qualitat<\/span><\/h3>\n<p>[\/vc_column_text][vc_btn title=&#8221;TRUCA&apos;NS&#8221; style=&#8221;custom&#8221; custom_background=&#8221;#ffffff&#8221; custom_text=&#8221;#00b9b4&#8243; shape=&#8221;square&#8221; size=&#8221;lg&#8221; align=&#8221;center&#8221; css_animation=&#8221;fadeInUp&#8221; link=&#8221;url:tel%3A%2B34977237128|title:TRUCA%27NS|&#8221;][\/vc_column][\/vc_row][vc_row full_width=&#8221;stretch_row&#8221; content_placement=&#8221;middle&#8221; disable_element=&#8221;yes&#8221; css=&#8221;.vc_custom_1644507975772{padding-top: 12vw !important;padding-bottom: 12vw !important;background-color: #f5f5f5 !important;background-position: center !important;background-repeat: no-repeat !important;background-size: cover !important;}&#8221; el_class=&#8221;hero2&#8243;][vc_column width=&#8221;1\/2&#8243; css=&#8221;.vc_custom_1644507684777{padding-right: 4vw !important;}&#8221;][vc_single_image image=&#8221;474&#8243; img_size=&#8221;full&#8221; css_animation=&#8221;bottom-to-top&#8221; el_class=&#8221;homepage-image-intro&#8221;][\/vc_column][vc_column width=&#8221;1\/2&#8243;][vc_column_text]<\/p>\n<h2 class=\"section-title hero2\" style=\"text-align: left;\">Confia a l&#8217;equip d&#8217;IB Cl\u00ednica Dental a Tarragona, aspirem a l&#8217;excel\u00b7l\u00e8ncia en cada tractament. Odontologia planificada i de qualitat<\/h2>\n<p>[\/vc_column_text][vc_btn title=&#8221;TRUCA&apos;NS&#8221; style=&#8221;custom&#8221; custom_background=&#8221;#00b9b4&#8243; custom_text=&#8221;#ffffff&#8221; shape=&#8221;square&#8221; size=&#8221;lg&#8221; align=&#8221;center&#8221; css_animation=&#8221;fadeInUp&#8221; link=&#8221;url:tel%3A%2B34977237128|title:TRUCA%27NS|&#8221;][\/vc_column][\/vc_row][vc_row][vc_column][vc_empty_space height=&#8221;200px&#8221;][vc_column_text css=&#8221;.vc_custom_1673516118097{margin-bottom: 2vw !important;}&#8221;]<\/p>\n<h5 style=\"text-align: center; letter-spacing: 3px;\">IB CL\u00cdNICA DENTAL<\/h5>\n<p>[\/vc_column_text][vc_separator color=&#8221;black&#8221; el_width=&#8221;40&#8243;][vc_empty_space height=&#8221;60px&#8221;][vc_column_text]<\/p>\n<h2 style=\"text-align: center;\">Dentistes a Torredembarra<\/h2>\n<p>&nbsp;<\/p>\n<p style=\"text-align: left;\">Confia en el nostre equip a IB Cl\u00ednica Dental Tarragona, oferim <span style=\"color: #000000;\"><a style=\"color: #000000;\" href=\"\/?page_id=915\">serveis dentals a Torredembarra<\/a><\/span> , Reus, Salou, Cambrils, Altafulla, Torredembarra, Valls, La Pobla de Mafumet, El Morell, Alcover entre d&#8217;altres, busquem sempre l&#8217;excel\u00b7l\u00e8ncia en tots els nostres tractaments bucodentals, el nostre m\u00e8tode consisteix a oferir odontologia planificada i de qualitat.<br \/>\nLa nostra <a href=\"\/?page_id=584\"><span style=\"color: black;\">cl\u00ednica odontol\u00f2gica<\/span><\/a> posa a la vostra disposici\u00f3 un equip d&#8217;especialistes multidisciplinar format en els diversos camps de l&#8217;odontologia.<br \/>\nRealitzem Implants dentals per millorar la teva qualitat de vida, ortod\u00f2ncia per corregir la posici\u00f3 de les teves dents, est\u00e8tica dental, period\u00f2ncia per cuidar la salut de les teves genives, cirurgia oral i maxil\u00b7lofacial per a l&#8217;extracci\u00f3 de carenes, quists i empelts, endod\u00f2ncia per allargar la vida de les teves dents, odontopediatria per cuidar els m\u00e9s petits de la casa, rehabilitacions orals i protesis per gaudir de la teva boca de manera integral, recuperar el somriure i l&#8217;efic\u00e0cia masticat\u00f2ria<\/p>\n<p>&nbsp;<\/p>\n<h3 style=\"text-align: center;\">Demana cita a la nostra cl\u00ednica dental, i et sentir\u00e0s B!<\/h3>\n<p>[\/vc_column_text][vc_empty_space height=&#8221;60px&#8221;][\/vc_column][\/vc_row][vc_row content_placement=&#8221;middle&#8221; css_animation=&#8221;none&#8221; el_class=&#8221;laclinica&#8221; css=&#8221;.vc_custom_1644936218919{padding-bottom: 10vw !important;}&#8221;][vc_column][vc_images_carousel images=&#8221;589,590,591,592,568,549,546,545,543,541,707&#8243; img_size=&#8221;full&#8221; onclick=&#8221;custom_link&#8221; speed=&#8221;2000&#8243; autoplay=&#8221;yes&#8221; wrap=&#8221;yes&#8221; css_animation=&#8221;fadeInUp&#8221; custom_links=&#8221;#E-8_aHR0cHMlM0ElMkYlMkZpYmNsaW5pY2FkZW50YWwuY29tJTJGbGFjbGluaWNh&#8221;][\/vc_column][\/vc_row][vc_row full_width=&#8221;stretch_row&#8221; content_placement=&#8221;middle&#8221; css_animation=&#8221;none&#8221; el_class=&#8221;laclinica&#8221; css=&#8221;.vc_custom_1644495023998{padding-top: 4vw !important;padding-bottom: 4vw !important;background-color: #ffffff !important;}&#8221;][vc_column][vc_row_inner content_placement=&#8221;top&#8221; css=&#8221;.vc_custom_1644494371713{padding-bottom: 4vw !important;}&#8221;][vc_column_inner width=&#8221;1\/3&#8243;][\/vc_column_inner][vc_column_inner width=&#8221;1\/3&#8243;][vc_column_text css=&#8221;.vc_custom_1644937077292{margin-bottom: 2vw !important;}&#8221;]<\/p>\n<h5 style=\"text-align: center; letter-spacing: 3px;\">L&#8217;EQUIP<\/h5>\n<p>[\/vc_column_text][vc_separator color=&#8221;black&#8221;][\/vc_column_inner][vc_column_inner width=&#8221;1\/3&#8243;][\/vc_column_inner][\/vc_row_inner][\/vc_column][\/vc_row][vc_row content_placement=&#8221;middle&#8221; css_animation=&#8221;none&#8221; el_class=&#8221;laclinica&#8221; css=&#8221;.vc_custom_1617896988632{padding-bottom: 10vw !important;}&#8221;][vc_column width=&#8221;1\/2&#8243; css=&#8221;.vc_custom_1644936177398{padding-right: 4vw !important;}&#8221;][vc_single_image image=&#8221;148&#8243; img_size=&#8221;full&#8221; css_animation=&#8221;bottom-to-top&#8221; el_class=&#8221;homepage-image-intro&#8221;][\/vc_column][vc_column width=&#8221;1\/2&#8243; css=&#8221;.vc_custom_1616757822584{padding-left: 4vw !important;}&#8221;][vc_column_text css=&#8221;.vc_custom_1644505179081{margin-bottom: 2vw !important;}&#8221;]<\/p>\n<h3>T&#8217;expliquem la nostra hist\u00f2ria<\/h3>\n<p>[\/vc_column_text][vc_column_text el_class=&#8221;negre&#8221;]Som un equip de dues odont\u00f2logues amb excel\u00b7lent formaci\u00f3 i experi\u00e8ncia especialitzada en tractaments convencionals, complexos i avan\u00e7ats. Garantim la qualitat pels nostres materials, treballs i pels darrers aven\u00e7os en tecnologia que utilitzem. In\u00e9s i B\u00e1rbara ens vam con\u00e8ixer estudiant a la Universitat de Barcelona d&#8217;Odontologia. Des de llavors, hem seguit una amistat i professi\u00f3 en paral\u00b7lel, cadascuna formant-se en especialitats diferents i treballant com a col\u00b7laboradores en altres cl\u00edniques. Finalment ha arribat el moment de poder exercir una professi\u00f3 que tant ens agrada, creant el nostre centre amb molta il\u00b7lusi\u00f3.[\/vc_column_text][\/vc_column][\/vc_row][vc_row full_width=&#8221;stretch_row&#8221; content_placement=&#8221;middle&#8221; css_animation=&#8221;none&#8221; el_class=&#8221;laclinica&#8221; css=&#8221;.vc_custom_1644505572666{padding-top: 4vw !important;background-color: #f5f5f5 !important;}&#8221;][vc_column][vc_row_inner content_placement=&#8221;top&#8221; css=&#8221;.vc_custom_1644494371713{padding-bottom: 4vw !important;}&#8221;][vc_column_inner width=&#8221;1\/3&#8243;][\/vc_column_inner][vc_column_inner width=&#8221;1\/3&#8243;][vc_column_text css=&#8221;.vc_custom_1644505515834{margin-bottom: 2vw !important;}&#8221;]<\/p>\n<h5 style=\"text-align: center; letter-spacing: 3px;\">SERVEIS<\/h5>\n<p>[\/vc_column_text][vc_separator color=&#8221;black&#8221;][\/vc_column_inner][vc_column_inner width=&#8221;1\/3&#8243;][\/vc_column_inner][\/vc_row_inner][\/vc_column][\/vc_row][vc_row full_width=&#8221;stretch_row&#8221; content_placement=&#8221;middle&#8221; css_animation=&#8221;none&#8221; css=&#8221;.vc_custom_1617897580791{padding-bottom: 2vw !important;background-color: #f5f5f5 !important;}&#8221;][vc_column width=&#8221;1\/12&#8243; css=&#8221;.vc_custom_1616086247685{padding-right: 2vw !important;}&#8221;][\/vc_column][vc_column width=&#8221;10\/12&#8243;][vc_column_text]<\/p>\n<h3 style=\"text-align: center;\">Els nostres serveis<\/h3>\n<p>[\/vc_column_text][vc_column_text el_class=&#8221;negre&#8221;]<\/p>\n<p style=\"text-align: center;\">Som una <a href=\"https:\/\/ibclinicadental.com\/instalacions\"><span style=\"color: black;\">cl\u00ednica dental a Tarragona<\/span><\/a> per a tota la fam\u00edlia, de 0 a 99 anys. Tenim un especialista per ajudar-te sigui quina sigui la teva necessitat. Som un equip multidisciplinari en tota l&#8217;extensi\u00f3 de la paraula, \u00e9s a dir, solucionem en equip des de casos senzills fins als m\u00e9s complexos que requereixen el diagn\u00f2stic i el tractament en conjunt de diverses especialitats com poden ser:<\/p>\n<p>[\/vc_column_text][\/vc_column][vc_column width=&#8221;1\/12&#8243;][\/vc_column][\/vc_row][vc_row full_width=&#8221;stretch_row&#8221; gap=&#8221;35&#8243; equal_height=&#8221;yes&#8221; css=&#8221;.vc_custom_1644421051981{padding-bottom: 4vw !important;background-color: #f5f5f5 !important;}&#8221;][vc_column width=&#8221;1\/4&#8243;][vc_single_image image=&#8221;342&#8243; img_size=&#8221;80&#215;80&#8243; alignment=&#8221;center&#8221;][vc_column_text el_class=&#8221;negre&#8221;]<\/p>\n<h6 style=\"text-align: center;\">Implants dentals<\/h6>\n<p>[\/vc_column_text][vc_column_text el_class=&#8221;negre&#8221;]<\/p>\n<p style=\"text-align: center;\">El nostre objectiu \u00e9s millorar la teva qualitat de vida<\/p>\n<p style=\"text-align: center;\">[read wpml_attr_0=&#8217;more&#8217;]<\/p>\n<p style=\"text-align: center;\">i tornar al correcte funcionament i estructura a les teves dents, perqu\u00e8 en gaudeixis tota la vida. Ens comprometem amb la qualitat i ens allunyem de tots els materials low cost.<\/p>\n<p style=\"text-align: center;\">[\/read]<\/p>\n<p>[\/vc_column_text][vc_btn title=&#8221;SABER M\u00c9S&#8221; style=&#8221;custom&#8221; custom_background=&#8221;#00b9b4&#8243; custom_text=&#8221;#ffffff&#8221; shape=&#8221;square&#8221; align=&#8221;center&#8221; link=&#8221;url:https%3A%2F%2Fibclinicadental.com%2Fimplants|title:Implants|&#8221; css=&#8221;.vc_custom_1644508942125{margin-top: -1vw !important;}&#8221;][\/vc_column][vc_column width=&#8221;1\/4&#8243;][vc_single_image image=&#8221;354&#8243; img_size=&#8221;80&#215;80&#8243; alignment=&#8221;center&#8221;][vc_column_text el_class=&#8221;negre&#8221;]<\/p>\n<h6 style=\"text-align: center;\">Ortod\u00f2ncia<\/h6>\n<p>[\/vc_column_text][vc_column_text el_class=&#8221;negre&#8221;]<\/p>\n<p style=\"text-align: center;\">Millorem la posici\u00f3 de les teves dents sense oblidar<\/p>\n<p style=\"text-align: center;\">[read wpml_attr_0=&#8217;more&#8217;]<\/p>\n<p style=\"text-align: center;\">la correcta funci\u00f3 i salut amb tot all\u00f2 que els envolta. Ortod\u00f2ncia \u00e9s molt m\u00e9s que moure dents. Brackets, Invisalign, ortop\u00e8dia&#8230; t&#8217;ajudem a decidir qu\u00e8 \u00e9s millor per a tu.<\/p>\n<p style=\"text-align: center;\">[\/read]<\/p>\n<p>[\/vc_column_text][vc_btn title=&#8221;SABER M\u00c9S&#8221; style=&#8221;custom&#8221; custom_background=&#8221;#00b9b4&#8243; custom_text=&#8221;#ffffff&#8221; shape=&#8221;square&#8221; align=&#8221;center&#8221; link=&#8221;url:https%3A%2F%2Fibclinicadental.com%2Fes%3Fpage_id%3D1201|title:Ortod%C3%B2ncia|&#8221; css=&#8221;.vc_custom_1644508956795{margin-top: -1vw !important;}&#8221;][\/vc_column][vc_column width=&#8221;1\/4&#8243;][vc_single_image image=&#8221;351&#8243; img_size=&#8221;80&#215;80&#8243; alignment=&#8221;center&#8221;][vc_column_text el_class=&#8221;negre&#8221;]<\/p>\n<h6 style=\"text-align: center;\">Est\u00e8tica dental<\/h6>\n<p>[\/vc_column_text][vc_column_text el_class=&#8221;negre&#8221;]<\/p>\n<p style=\"text-align: center;\">Descobreix la soluci\u00f3 personalitzada per a tu,<\/p>\n<p style=\"text-align: center;\">[read wpml_attr_0=&#8217;more&#8217;]<\/p>\n<p style=\"text-align: center;\">carilles, disseny del somriure, disseny de genives,.. valorarem el teu cas per oferir-te el somriure que canviar\u00e0 la teva vida.<\/p>\n<p style=\"text-align: center;\">[\/read]<\/p>\n<p>[\/vc_column_text][vc_btn title=&#8221;SABER M\u00c9S&#8221; style=&#8221;custom&#8221; custom_background=&#8221;#00b9b4&#8243; custom_text=&#8221;#ffffff&#8221; shape=&#8221;square&#8221; align=&#8221;center&#8221; link=&#8221;url:https%3A%2F%2Fibclinicadental.com%2Fes%3Fpage_id%3D1172|title:est%C3%A8tica|&#8221; css=&#8221;.vc_custom_1646669774802{margin-top: -1vw !important;}&#8221;][\/vc_column][vc_column width=&#8221;1\/4&#8243;][vc_single_image image=&#8221;349&#8243; img_size=&#8221;80&#215;80&#8243; alignment=&#8221;center&#8221;][vc_column_text el_class=&#8221;negre&#8221;]<\/p>\n<h6 style=\"text-align: center;\">Period\u00f2ncia<\/h6>\n<p>[\/vc_column_text][vc_column_text el_class=&#8221;negre&#8221;]<\/p>\n<p style=\"text-align: center;\">Ens preocupem per la salut de les teves genives<\/p>\n<p style=\"text-align: center;\">[read wpml_attr_0=&#8217;more&#8217;]<\/p>\n<p style=\"text-align: center;\">i l&#8217;os que suporta les dents. Amb la correcta t\u00e8cnica de raspallat, revisions peri\u00f2diques i una higiene professional anual, podr\u00e0s gaudir de la teva salut bucodental durant molts anys.<\/p>\n<p style=\"text-align: center;\">[\/read]<\/p>\n<p>[\/vc_column_text][vc_btn title=&#8221;SABER M\u00c9S&#8221; style=&#8221;custom&#8221; custom_background=&#8221;#00b9b4&#8243; custom_text=&#8221;#ffffff&#8221; shape=&#8221;square&#8221; align=&#8221;center&#8221; link=&#8221;url:https%3A%2F%2Fibclinicadental.com%2Fes%3Fpage_id%3D1192|title:Period%C3%B2ncia|&#8221; css=&#8221;.vc_custom_1646669768728{margin-top: -1vw !important;}&#8221;][\/vc_column][\/vc_row][vc_row full_width=&#8221;stretch_row&#8221; gap=&#8221;35&#8243; equal_height=&#8221;yes&#8221; css=&#8221;.vc_custom_1644505990299{padding-bottom: 4vw !important;background-color: #f5f5f5 !important;}&#8221;][vc_column width=&#8221;1\/4&#8243;][vc_single_image image=&#8221;350&#8243; img_size=&#8221;80&#215;80&#8243; alignment=&#8221;center&#8221;][vc_column_text el_class=&#8221;negre&#8221;]<\/p>\n<h6 style=\"text-align: center;\">Cirurgia oral i maxil\u00b7lofacial<\/h6>\n<p>[\/vc_column_text][vc_column_text el_class=&#8221;negre&#8221;]<\/p>\n<p style=\"text-align: center;\">Extraccions de queixals del seny, quistes, empelts,<\/p>\n<p style=\"text-align: center;\">[read wpml_attr_0=&#8217;more&#8217;]<\/p>\n<p style=\"text-align: center;\">comptem tamb\u00e9 amb la col\u00b7laboraci\u00f3 de cirurgians maxil\u00b7lofacials per als casos m\u00e9s complexos, com la cirurgia ortognatica, que requereixen intervenci\u00f3.<\/p>\n<p style=\"text-align: center;\">[\/read]<\/p>\n<p>[\/vc_column_text][\/vc_column][vc_column width=&#8221;1\/4&#8243;][vc_single_image image=&#8221;348&#8243; img_size=&#8221;80&#215;80&#8243; alignment=&#8221;center&#8221;][vc_column_text el_class=&#8221;negre&#8221;]<\/p>\n<h6 style=\"text-align: center;\">Endod\u00f2ncia<\/h6>\n<p>[\/vc_column_text][vc_column_text el_class=&#8221;negre&#8221;]<\/p>\n<p style=\"text-align: center;\">La nostra missi\u00f3 \u00e9s allargar per molts anys la vida de la teva dent,<\/p>\n<p style=\"text-align: center;\">[read wpml_attr_0=&#8217;more&#8217;]<\/p>\n<p style=\"text-align: center;\">amb t\u00e8cniques innovadores i m\u00ednimament invasives per evitar perdre una dent.<\/p>\n<p style=\"text-align: center;\">[\/read]<\/p>\n<p>[\/vc_column_text][vc_btn title=&#8221;SABER M\u00c9S&#8221; style=&#8221;custom&#8221; custom_background=&#8221;#00b9b4&#8243; custom_text=&#8221;#ffffff&#8221; shape=&#8221;square&#8221; align=&#8221;center&#8221; link=&#8221;url:https%3A%2F%2Fibclinicadental.com%2Fes%3Fpage_id%3D1241|title:Endod%C3%B2ncia|&#8221; css=&#8221;.vc_custom_1645438745638{margin-top: -1vw !important;}&#8221;][\/vc_column][vc_column width=&#8221;1\/4&#8243;][vc_single_image image=&#8221;347&#8243; img_size=&#8221;80&#215;80&#8243; alignment=&#8221;center&#8221;][vc_column_text el_class=&#8221;negre&#8221;]<\/p>\n<h6 style=\"text-align: center;\">Odontopediatria<\/h6>\n<p>[\/vc_column_text][vc_column_text el_class=&#8221;negre&#8221;]<\/p>\n<p style=\"text-align: center;\">Tenir cura dels m\u00e9s petits de la casa ens assegura anys de somriures saludables.<\/p>\n<p style=\"text-align: center;\">[read wpml_attr_0=&#8217;more&#8217;]<\/p>\n<p style=\"text-align: center;\">Prevenci\u00f3 i tractament de c\u00e0ries infantils, prevenci\u00f3 de maloclusions, pautes d&#8217;alimentaci\u00f3 saludable i ensenyament d&#8217;una higiene oral correcta s\u00f3n claus per aconseguir-ho.<\/p>\n<p style=\"text-align: center;\">[\/read]<\/p>\n<p>[\/vc_column_text][vc_btn title=&#8221;SABER M\u00c9S&#8221; style=&#8221;custom&#8221; custom_background=&#8221;#00b9b4&#8243; custom_text=&#8221;#ffffff&#8221; shape=&#8221;square&#8221; align=&#8221;center&#8221; link=&#8221;url:https%3A%2F%2Fibclinicadental.com%2Fes%3Fpage_id%3D1245|title:Odontopediatria|&#8221; css=&#8221;.vc_custom_1645438703774{margin-top: -1vw !important;}&#8221;][\/vc_column][vc_column width=&#8221;1\/4&#8243;][vc_single_image image=&#8221;346&#8243; img_size=&#8221;80&#215;80&#8243; alignment=&#8221;center&#8221;][vc_column_text el_class=&#8221;negre&#8221;]<\/p>\n<h6 style=\"text-align: center;\">Rehabilitacions orals i pr\u00f2tesis<\/h6>\n<p>[\/vc_column_text][vc_column_text el_class=&#8221;negre&#8221;]<\/p>\n<p style=\"text-align: center;\">Gaudir plenament de la teva boca de forma integral,<\/p>\n<p style=\"text-align: center;\">[read wpml_attr_0=&#8217;more&#8217;]<\/p>\n<p style=\"text-align: center;\">tornar la funci\u00f3, laspecte i la salut. La nostra filosofia va de la m\u00e0 amb l&#8217;odontologia m\u00ednimament<wbr><\/wbr> invasiva i sempre amb la missi\u00f3 de fer el millor per a tu.<\/p>\n<p style=\"text-align: center;\">[\/read]<\/p>\n<p>[\/vc_column_text][\/vc_column][\/vc_row][vc_row full_width=&#8221;stretch_row_content_no_spaces&#8221; css=&#8221;.vc_custom_1644408168037{padding-top: 20vw !important;padding-bottom: 20vw !important;background-image: url(https:\/\/ibclinicadental.com\/wp-content\/uploads\/2022\/02\/nena1-ld.jpg?id=152) !important;}&#8221;][vc_column][\/vc_column][\/vc_row][vc_row full_width=&#8221;stretch_row&#8221; content_placement=&#8221;middle&#8221; css_animation=&#8221;none&#8221; el_class=&#8221;laclinica&#8221; css=&#8221;.vc_custom_1644495023998{padding-top: 4vw !important;padding-bottom: 4vw !important;background-color: #ffffff !important;}&#8221;][vc_column][vc_row_inner content_placement=&#8221;top&#8221; css=&#8221;.vc_custom_1644494371713{padding-bottom: 4vw !important;}&#8221;][vc_column_inner width=&#8221;1\/3&#8243;][\/vc_column_inner][vc_column_inner width=&#8221;1\/3&#8243;][vc_column_text css=&#8221;.vc_custom_1644505899277{margin-bottom: 2vw !important;}&#8221;]<\/p>\n<h5 style=\"text-align: center; letter-spacing: 3px;\">COVID-19<\/h5>\n<p>[\/vc_column_text][vc_separator color=&#8221;black&#8221;][\/vc_column_inner][vc_column_inner width=&#8221;1\/3&#8243;][\/vc_column_inner][\/vc_row_inner][\/vc_column][\/vc_row][vc_row content_placement=&#8221;middle&#8221; css_animation=&#8221;none&#8221; el_class=&#8221;laclinica&#8221; css=&#8221;.vc_custom_1616760557923{padding-bottom: 10vw !important;}&#8221;][vc_column width=&#8221;1\/2&#8243; css=&#8221;.vc_custom_1618586135419{padding-right: 4vw !important;}&#8221;][vc_single_image image=&#8221;506&#8243; img_size=&#8221;large&#8221; css_animation=&#8221;bottom-to-top&#8221; el_class=&#8221;homepage-image-intro&#8221;][\/vc_column][vc_column width=&#8221;1\/2&#8243; css=&#8221;.vc_custom_1616757851146{padding-left: 4vw !important;}&#8221;][vc_column_text css=&#8221;.vc_custom_1616757736133{margin-bottom: 2vw !important;}&#8221;]<\/p>\n<h3>Mesures amb la COVID-19<\/h3>\n<p>[\/vc_column_text][vc_column_text el_class=&#8221;negre&#8221;]La nostra activitat ha estat adaptada al nou escenari generat pels Sars-CoV-2. Actualment disposem de tots els protocols sanitaris necessaris per garantir en tot moment la seguretat dels nostres professionals i pacients. Et recordem diversos aspectes nous i importants:<\/p>\n<ul>\n<li>Has de concertar cita pr\u00e8via per poder venir, la pots sol\u00b7licitar a trav\u00e9s del correu electr\u00f2nic, tel\u00e8fon m\u00f2bil\/whatsapp i tel\u00e8fon fix.&gt;<\/li>\n<li>Haur\u00e0s de contestar un breu q\u00fcestionari de salut a la cl\u00ednica.<\/li>\n<li>Si \u00e9s possible, vine nom\u00e9s ia la teva hora.<\/li>\n<li>Avisa&#8217;ns amb la m\u00e0xima antelaci\u00f3 si no pots venir.<\/li>\n<li>Un cop a la cl\u00ednica et guiarem en tot moment.<\/li>\n<\/ul>\n<p>[\/vc_column_text][\/vc_column][\/vc_row][vc_row full_width=&#8221;stretch_row&#8221; content_placement=&#8221;middle&#8221; css_animation=&#8221;none&#8221; el_class=&#8221;laclinica&#8221; css=&#8221;.vc_custom_1616760893605{padding-top: 5vw !important;padding-bottom: 4vw !important;background-color: #00b9b4 !important;}&#8221;][vc_column width=&#8221;1\/3&#8243; css=&#8221;.vc_custom_1616086247685{padding-right: 2vw !important;}&#8221;][\/vc_column][vc_column width=&#8221;1\/3&#8243;][vc_column_text css=&#8221;.vc_custom_1616760757434{margin-bottom: 2vw !important;}&#8221;]<\/p>\n<h5 style=\"text-align: center; letter-spacing: 3px; color: white;\">PRIMERA VISITA<\/h5>\n<p>[\/vc_column_text][vc_separator color=&#8221;white&#8221;][\/vc_column][vc_column width=&#8221;1\/3&#8243;][\/vc_column][\/vc_row][vc_row full_width=&#8221;stretch_row&#8221; content_placement=&#8221;middle&#8221; css_animation=&#8221;none&#8221; el_class=&#8221;laclinica&#8221; css=&#8221;.vc_custom_1619709236599{padding-bottom: 15vw !important;background-color: #00b9b4 !important;}&#8221;][vc_column width=&#8221;1\/2&#8243; offset=&#8221;vc_col-xs-12&#8243;][vc_row_inner css=&#8221;.vc_custom_1644504588399{margin-right: 1vw !important;margin-left: 1vw !important;}&#8221;][vc_column_inner css=&#8221;.vc_custom_1644504517434{background-color: #ffffff !important;}&#8221;][lab_contact_form name_title=&#8221;Nom&#8221; email_title=&#8221;Mail&#8221; message_title=&#8221;Comentari&#8221; show_subject_field=&#8221;yes&#8221; subject_title=&#8221;Motiu&#8221; submit_title=&#8221;Enviar&#8221; submit_success=&#8221;Gr\u00e0cies #, missatge enviat!&#8221; alert_errors=&#8221;yes&#8221; subject_field_as_email_subject=&#8221;yes&#8221; enable_recaptcha=&#8221;yes&#8221; privacy_policy_text=&#8221;#E-8_SGUlMjBsbGVnaXQlMjBpJTIwYWNjZXB0byUyMGxhJTIwJTNDYSUyMGhyZWYlM0QlMjJodHRwcyUzQSUyRiUyRmliY2xpbmljYWRlbnRhbC5jb20lMkZwb2xpdGljYS1kZS1wcml2YWNpZGFkLWZvcm11bGFyaW8lMjIlM0VQb2wlQzMlQUR0aWNhJTIwZGUlMjBQcml2YWNpdGF0JTNDJTJGYSUzRQ==&#8221; el_class=&#8221;formulari&#8221; email_receiver=&#8221;slowdentistry.slp@gmail.com&#8221;][\/vc_column_inner][\/vc_row_inner][\/vc_column][vc_column width=&#8221;1\/2&#8243; css=&#8221;.vc_custom_1616757822584{padding-left: 4vw !important;}&#8221;][vc_column_text css=&#8221;.vc_custom_1616761003450{margin-bottom: 2vw !important;}&#8221;]<\/p>\n<h3 style=\"color: white;\">Vine a fer la teva primera visita<\/h3>\n<p>[\/vc_column_text][vc_column_text el_class=&#8221;negre&#8221;]<\/p>\n<p style=\"color: white;\">Omple el formulari i contacta&#8217;ns. Podr\u00e0s demanar cita pr\u00e8via amb nosaltres. No dubtis a preguntar-nos qu\u00e8 vulguis. Aqu\u00ed et sentir\u00e0s b\u00e9!<\/p>\n<p>[\/vc_column_text][vc_column_text css=&#8221;.vc_custom_1644769701120{margin-bottom: 2vw !important;}&#8221;]<\/p>\n<h3 style=\"color: white;\">Dilluns a dijous: de 9.30-13.30 i de 15-20h<br \/>\nDivendres: 9.30-19h<\/h3>\n<p>[\/vc_column_text][\/vc_column][\/vc_row][vc_row full_width=&#8221;stretch_row&#8221; css=&#8221;.vc_custom_1644943135684{padding-top: 4vw !important;padding-bottom: 4vw !important;background-color: #f5f5f5 !important;}&#8221;][vc_column width=&#8221;1\/6&#8243;][\/vc_column][vc_column width=&#8221;2\/3&#8243;][vc_row_inner content_placement=&#8221;top&#8221;][vc_column_inner width=&#8221;1\/6&#8243;][\/vc_column_inner][vc_column_inner width=&#8221;2\/3&#8243;][vc_column_text css=&#8221;.vc_custom_1645003227849{margin-bottom: 2vw !important;}&#8221;]<\/p>\n<h5 style=\"text-align: center; letter-spacing: 3px;\">OPINIONS DELS NOSTRES CLIENTS<\/h5>\n<p>[\/vc_column_text][vc_separator color=&#8221;black&#8221;][\/vc_column_inner][vc_column_inner width=&#8221;1\/6&#8243;][\/vc_column_inner][\/vc_row_inner][vc_single_image image=&#8221;603&#8243; img_size=&#8221;300&#8243; alignment=&#8221;center&#8221; css_animation=&#8221;flipInX&#8221; css=&#8221;.vc_custom_1644942775679{padding-top: 2vw !important;}&#8221;][vc_column_text el_class=&#8221;negre&#8221;]<\/p>\n<h6 style=\"text-align: center;\">\u275d Molt bones professionals, gran delicadesa i exactitud. Molt bons aparells i eines de feina. Transmeten confian\u00e7a i tranquil\u00b7litat. Molt recomanables!!! \u275e<\/h6>\n<p>[\/vc_column_text][vc_column_text el_class=&#8221;negre&#8221;]<\/p>\n<p style=\"text-align: center;\">Julio Moya<br \/>\n<em>(Comentari a Google)<\/em>[\/vc_column_text][\/vc_column][vc_column width=&#8221;1\/6&#8243;][\/vc_column][\/vc_row][vc_row full_width=&#8221;stretch_row_content_no_spaces&#8221; content_placement=&#8221;middle&#8221; css=&#8221;.vc_custom_1618591568345{margin-bottom: -42px !important;}&#8221;][vc_column][vc_raw_html el_class=&#8221;blackmap&#8221;]PGRpdiBjbGFzcz0ibWFwb3V0ZXIiPjxkaXYgY2xhc3M9ImdtYXBfY2FudmFzIj48aWZyYW1lIHdpZHRoPSIxMDAlIiBoZWlnaHQ9IjcwMCIgaWQ9ImdtYXBfY2FudmFzIiBzcmM9Imh0dHBzOi8vbWFwcy5nb29nbGUuY29tL21hcHM\/cT1DYXJyZXIlMjBNb3NzJUMzJUE4biUyMFNhbHZhZG9yJTIwUml0b3J0JTIwaSUyMEZhdXMsJTIwMjVCLCUyMDQzMDAyJTIwVGFycmFnb25hJmFtcDt0PSZhbXA7ej0xNyZhbXA7aWU9VVRGOCZhbXA7aXdsb2M9JmFtcDtvdXRwdXQ9ZW1iZWQiIGZyYW1lYm9yZGVyPSIwIiBzY3JvbGxpbmc9Im5vIiBtYXJnaW5oZWlnaHQ9IjAiIG1hcmdpbndpZHRoPSIwIj48L2lmcmFtZT48c3R5bGU+Lm1hcG91dGVye3Bvc2l0aW9uOnJlbGF0aXZlO3RleHQtYWxpZ246cmlnaHQ7aGVpZ2h0OjcwMDt3aWR0aDoxMDAlO308L3N0eWxlPjxzdHlsZT4uZ21hcF9jYW52YXMge292ZXJmbG93OmhpZGRlbjtiYWNrZ3JvdW5kOm5vbmUhaW1wb3J0YW50O2hlaWdodDo3MDA7d2lkdGg6MTAwJTt9PC9zdHlsZT48L2Rpdj48L2Rpdj4=[\/vc_raw_html][\/vc_column][\/vc_row]<\/p>\n<\/div>","protected":false},"excerpt":{"rendered":"<p>[vc_row full_width=&#8221;stretch_row_content_no_spaces&#8221;][vc_column][\/vc_column][\/vc_row][vc_row full_width=&#8221;stretch_row&#8221; content_placement=&#8221;middle&#8221; css=&#8221;.vc_custom_1644508350268{padding-top: 4vw !important;padding-bottom: 4vw !important;background-color: #00b9b4 !important;background-position: center !important;background-repeat: no-repeat !important;background-size: cover !important;}&#8221; el_class=&#8221;hero2&#8243; el_id=&#8221;hero2&#8243;][vc_column][vc_column_text] DENTISTES A TARRAGONA IB CL\u00cdNICA DENTAL [\/vc_column_text][vc_raw_html css=&#8221;.vc_custom_1673514038740{padding-bottom: 2vw !important;}&#8221;]PHZpZGVvIGlkPSJiaWVsbyIgcGxheXNpbmxpbmU9IiIgY29udHJvbHM9IiIgYXV0b3BsYXk9IiIgbXV0ZWQ9IiIgbG9vcD0iIiB3aWR0aD0iMTAwJSI+IDxzb3VyY2Ugc3JjPSJodHRwczovL2RsLmRyb3Bib3h1c2VyY29udGVudC5jb20vcy9qdnV3NXJiZ25ubXIwcXEvQ2wlQzMlQURuaWNhLm1wNCIgdHlwZT0idmlkZW8vbXA0Ij4gPC9zb3VyY2U+PC9zb3VyY2U+PC92aWRlbz4=[\/vc_raw_html][vc_column_text] Confia en el nostre equip de Dentistes a Tarragona, a IB Cl\u00ednica Dental aspirem a l&#8217;excel\u00b7l\u00e8ncia en cada tractament bucodental. Odontologia planificada i de qualitat [\/vc_column_text][vc_btn&hellip;<\/p>\n","protected":false},"author":2,"featured_media":0,"parent":0,"menu_order":0,"comment_status":"closed","ping_status":"closed","template":"","meta":{"_acf_changed":false,"_monsterinsights_skip_tracking":false,"_monsterinsights_sitenote_active":false,"_monsterinsights_sitenote_note":"","_monsterinsights_sitenote_category":0,"footnotes":""},"class_list":["post-915","page","type-page","status-publish","hentry"],"acf":[],"yoast_head":"<!-- This site is optimized with the Yoast SEO plugin v26.7 - https:\/\/yoast.com\/wordpress\/plugins\/seo\/ -->\n<title>IB Cl\u00ednica Dental Tarragona - Dentistes a Torredembarra<\/title>\n<meta name=\"description\" content=\"Confia en el nostre equip a IB Cl\u00ednica Dental Tarragona, servei de dentistes per a pacients de Torredembarra - Truca ara i demana cita!\" \/>\n<meta name=\"robots\" content=\"index, follow, max-snippet:-1, max-image-preview:large, max-video-preview:-1\" \/>\n<link rel=\"canonical\" href=\"https:\/\/ibclinicadental.com\/ca\/dentistas-a-torredembarra\" \/>\n<meta property=\"og:locale\" content=\"ca_ES\" \/>\n<meta property=\"og:type\" content=\"article\" \/>\n<meta property=\"og:title\" content=\"IB Cl\u00ednica Dental Tarragona - Dentistes a Torredembarra\" \/>\n<meta property=\"og:description\" content=\"Confia en el nostre equip a IB Cl\u00ednica Dental Tarragona, servei de dentistes per a pacients de Torredembarra - Truca ara i demana cita!\" \/>\n<meta property=\"og:url\" content=\"https:\/\/ibclinicadental.com\/ca\/dentistas-a-torredembarra\" \/>\n<meta property=\"og:site_name\" content=\"IB Clinica Dental\" \/>\n<meta property=\"article:modified_time\" content=\"2024-05-21T20:20:09+00:00\" \/>\n<meta name=\"twitter:card\" content=\"summary_large_image\" \/>\n<meta name=\"twitter:label1\" content=\"Temps estimat de lectura\" \/>\n\t<meta name=\"twitter:data1\" content=\"7 minuts\" \/>\n<script type=\"application\/ld+json\" class=\"yoast-schema-graph\">{\"@context\":\"https:\/\/schema.org\",\"@graph\":[{\"@type\":\"WebPage\",\"@id\":\"https:\/\/ibclinicadental.com\/ca\/dentistas-a-torredembarra\",\"url\":\"https:\/\/ibclinicadental.com\/ca\/dentistas-a-torredembarra\",\"name\":\"IB Cl\u00ednica Dental Tarragona - Dentistes a Torredembarra\",\"isPartOf\":{\"@id\":\"https:\/\/ibclinicadental.com\/ca#website\"},\"datePublished\":\"2023-01-30T17:21:32+00:00\",\"dateModified\":\"2024-05-21T20:20:09+00:00\",\"description\":\"Confia en el nostre equip a IB Cl\u00ednica Dental Tarragona, servei de dentistes per a pacients de Torredembarra - Truca ara i demana cita!\",\"breadcrumb\":{\"@id\":\"https:\/\/ibclinicadental.com\/ca\/dentistas-a-torredembarra#breadcrumb\"},\"inLanguage\":\"ca\",\"potentialAction\":[{\"@type\":\"ReadAction\",\"target\":[\"https:\/\/ibclinicadental.com\/ca\/dentistas-a-torredembarra\"]}]},{\"@type\":\"BreadcrumbList\",\"@id\":\"https:\/\/ibclinicadental.com\/ca\/dentistas-a-torredembarra#breadcrumb\",\"itemListElement\":[{\"@type\":\"ListItem\",\"position\":1,\"name\":\"Portada\",\"item\":\"https:\/\/ibclinicadental.com\/ca\"},{\"@type\":\"ListItem\",\"position\":2,\"name\":\"Dentistes a Torredembarra\"}]},{\"@type\":\"WebSite\",\"@id\":\"https:\/\/ibclinicadental.com\/ca#website\",\"url\":\"https:\/\/ibclinicadental.com\/ca\",\"name\":\"IB Clinica Dental\",\"description\":\"Clinica Dental en Tarragona. Excelencia en Odontolog\u00eda\",\"potentialAction\":[{\"@type\":\"SearchAction\",\"target\":{\"@type\":\"EntryPoint\",\"urlTemplate\":\"https:\/\/ibclinicadental.com\/ca?s={search_term_string}\"},\"query-input\":{\"@type\":\"PropertyValueSpecification\",\"valueRequired\":true,\"valueName\":\"search_term_string\"}}],\"inLanguage\":\"ca\"}]}<\/script>\n<!-- \/ Yoast SEO plugin. -->","yoast_head_json":{"title":"IB Cl\u00ednica Dental Tarragona - Dentistes a Torredembarra","description":"Confia en el nostre equip a IB Cl\u00ednica Dental Tarragona, servei de dentistes per a pacients de Torredembarra - Truca ara i demana cita!","robots":{"index":"index","follow":"follow","max-snippet":"max-snippet:-1","max-image-preview":"max-image-preview:large","max-video-preview":"max-video-preview:-1"},"canonical":"https:\/\/ibclinicadental.com\/ca\/dentistas-a-torredembarra","og_locale":"ca_ES","og_type":"article","og_title":"IB Cl\u00ednica Dental Tarragona - Dentistes a Torredembarra","og_description":"Confia en el nostre equip a IB Cl\u00ednica Dental Tarragona, servei de dentistes per a pacients de Torredembarra - Truca ara i demana cita!","og_url":"https:\/\/ibclinicadental.com\/ca\/dentistas-a-torredembarra","og_site_name":"IB Clinica Dental","article_modified_time":"2024-05-21T20:20:09+00:00","twitter_card":"summary_large_image","twitter_misc":{"Temps estimat de lectura":"7 minuts"},"schema":{"@context":"https:\/\/schema.org","@graph":[{"@type":"WebPage","@id":"https:\/\/ibclinicadental.com\/ca\/dentistas-a-torredembarra","url":"https:\/\/ibclinicadental.com\/ca\/dentistas-a-torredembarra","name":"IB Cl\u00ednica Dental Tarragona - Dentistes a Torredembarra","isPartOf":{"@id":"https:\/\/ibclinicadental.com\/ca#website"},"datePublished":"2023-01-30T17:21:32+00:00","dateModified":"2024-05-21T20:20:09+00:00","description":"Confia en el nostre equip a IB Cl\u00ednica Dental Tarragona, servei de dentistes per a pacients de Torredembarra - Truca ara i demana cita!","breadcrumb":{"@id":"https:\/\/ibclinicadental.com\/ca\/dentistas-a-torredembarra#breadcrumb"},"inLanguage":"ca","potentialAction":[{"@type":"ReadAction","target":["https:\/\/ibclinicadental.com\/ca\/dentistas-a-torredembarra"]}]},{"@type":"BreadcrumbList","@id":"https:\/\/ibclinicadental.com\/ca\/dentistas-a-torredembarra#breadcrumb","itemListElement":[{"@type":"ListItem","position":1,"name":"Portada","item":"https:\/\/ibclinicadental.com\/ca"},{"@type":"ListItem","position":2,"name":"Dentistes a Torredembarra"}]},{"@type":"WebSite","@id":"https:\/\/ibclinicadental.com\/ca#website","url":"https:\/\/ibclinicadental.com\/ca","name":"IB Clinica Dental","description":"Clinica Dental en Tarragona. Excelencia en Odontolog\u00eda","potentialAction":[{"@type":"SearchAction","target":{"@type":"EntryPoint","urlTemplate":"https:\/\/ibclinicadental.com\/ca?s={search_term_string}"},"query-input":{"@type":"PropertyValueSpecification","valueRequired":true,"valueName":"search_term_string"}}],"inLanguage":"ca"}]}},"_links":{"self":[{"href":"https:\/\/ibclinicadental.com\/ca\/wp-json\/wp\/v2\/pages\/915","targetHints":{"allow":["GET"]}}],"collection":[{"href":"https:\/\/ibclinicadental.com\/ca\/wp-json\/wp\/v2\/pages"}],"about":[{"href":"https:\/\/ibclinicadental.com\/ca\/wp-json\/wp\/v2\/types\/page"}],"author":[{"embeddable":true,"href":"https:\/\/ibclinicadental.com\/ca\/wp-json\/wp\/v2\/users\/2"}],"replies":[{"embeddable":true,"href":"https:\/\/ibclinicadental.com\/ca\/wp-json\/wp\/v2\/comments?post=915"}],"version-history":[{"count":9,"href":"https:\/\/ibclinicadental.com\/ca\/wp-json\/wp\/v2\/pages\/915\/revisions"}],"predecessor-version":[{"id":1804,"href":"https:\/\/ibclinicadental.com\/ca\/wp-json\/wp\/v2\/pages\/915\/revisions\/1804"}],"wp:attachment":[{"href":"https:\/\/ibclinicadental.com\/ca\/wp-json\/wp\/v2\/media?parent=915"}],"curies":[{"name":"wp","href":"https:\/\/api.w.org\/{rel}","templated":true}]}}