{"id":919,"date":"2023-01-30T17:29:25","date_gmt":"2023-01-30T17:29:25","guid":{"rendered":"https:\/\/ibclinicadental.com\/ortodoncia-2"},"modified":"2025-03-31T11:57:01","modified_gmt":"2025-03-31T11:57:01","slug":"invisalign-tarragona","status":"publish","type":"page","link":"https:\/\/ibclinicadental.com\/ca\/invisalign-tarragona","title":{"rendered":"Invisalign Tarragona"},"content":{"rendered":"<div class=\"wpb-content-wrapper\"><p>[vc_row full_width=&#8221;stretch_row&#8221; content_placement=&#8221;middle&#8221; css_animation=&#8221;none&#8221; el_class=&#8221;laclinica&#8221; css=&#8221;.vc_custom_1644494633535{padding-top: 4vw !important;padding-bottom: 4vw !important;background-color: #ffffff !important;}&#8221;][vc_column][vc_row_inner content_placement=&#8221;top&#8221; css=&#8221;.vc_custom_1644494371713{padding-bottom: 4vw !important;}&#8221;][vc_column_inner][vc_column_text css=&#8221;&#8221;]<\/p>\n<h1 style=\"text-align: center;\">Ortod\u00f2ncia Invisible i Tractaments Dentals a Tarragona<\/h1>\n<p>[\/vc_column_text][vc_separator color=&#8221;black&#8221;][\/vc_column_inner][\/vc_row_inner][vc_row_inner content_placement=&#8221;top&#8221; css=&#8221;.vc_custom_1644502720790{padding-top: 6vw !important;}&#8221;][vc_column_inner][vc_column_text css=&#8221;.vc_custom_1675099874197{margin-bottom: 30px !important;}&#8221;]<\/p>\n<h2 style=\"text-align: center;\">Invisalign a Tarragona &#8211; Ortod\u00f2ncia Invisible Personalitzada<\/h2>\n<p>[\/vc_column_text][vc_empty_space height=&#8221;20&#8243;][vc_column_text el_class=&#8221;negre&#8221;]A <span style=\"color: #000000;\"><a style=\"color: #000000;\" href=\"https:\/\/ibclinicadental.com\/ca\">IB Cl\u00ednica Dental Tarragona<\/a><\/span> som especialistes en ortod\u00f2ncia invisible amb Invisalign, una soluci\u00f3 efica\u00e7 i est\u00e8tica per alinear les teves dents. Oferim tractaments personalitzats com l&#8217;ortod\u00f2ncia est\u00e8tica i l&#8217;ortod\u00f2ncia convencional amb brackets met\u00e0l\u00b7lics o cer\u00e0mics.<\/p>\n<p>A la nostra cl\u00ednica dental avaluem les teves necessitats espec\u00edfiques i t&#8217;assessorem sobre els pros i contres d&#8217;opcions com Invisalign, brackets met\u00e0l\u00b7lics i brackets cer\u00e0mics. Sempre busquem oferir la soluci\u00f3 m\u00e9s adequada per a tu.[\/vc_column_text][\/vc_column_inner][\/vc_row_inner][vc_row_inner content_placement=&#8221;top&#8221;][vc_column_inner][vc_column_text css=&#8221;.vc_custom_1675099959908{margin-bottom: 30px !important;}&#8221;]<\/p>\n<h2 style=\"text-align: center;\">El nostre objectiu: Dents alineades i saludables<\/h2>\n<p>[\/vc_column_text][vc_empty_space height=&#8221;20&#8243;][vc_column_text el_class=&#8221;negre&#8221;]A IB <span style=\"color: #000000;\"><a style=\"color: #000000;\" href=\"https:\/\/ibclinicadental.com\/ca\">Cl\u00ednica Dental Tarragona<\/a><\/span> , la nostra prioritat \u00e9s que gaudeixis de dents saludables i perfectament alineades, assegurant que els resultats del tractament d&#8217;ortod\u00f2ncia siguin duradors. Basem cada tractament en diagn\u00f2stics precisos per garantir la satisfacci\u00f3 des del primer dia.[\/vc_column_text][\/vc_column_inner][\/vc_row_inner][\/vc_column][\/vc_row][vc_row][vc_column][vc_column_text]<\/p>\n<h2 style=\"text-align: center;\">Tipus d&#8217;Ortod\u00f2ncia a IB Cl\u00ednica Dental Tarragona<\/h2>\n<p>[\/vc_column_text][\/vc_column][\/vc_row][vc_row content_placement=&#8221;middle&#8221; css_animation=&#8221;none&#8221; el_class=&#8221;laclinica&#8221; css=&#8221;.vc_custom_1644401029645{padding-top: 10vw !important;padding-bottom: 10vw !important;}&#8221;][vc_column width=&#8221;1\/2&#8243; css=&#8221;.vc_custom_1616757811868{padding-right: 4vw !important;}&#8221;][vc_single_image image=&#8221;556&#8243; img_size=&#8221;large&#8221; css_animation=&#8221;bottom-to-top&#8221; el_class=&#8221;homepage-image-intro&#8221;][\/vc_column][vc_column width=&#8221;1\/2&#8243; css=&#8221;.vc_custom_1644502770012{padding-left: 4vw !important;}&#8221;][vc_column_text css=&#8221;.vc_custom_1644502350139{margin-bottom: 2vw !important;}&#8221;]<\/p>\n<h3>Invisalign &#8211; Alineadors Transparents<\/h3>\n<p>[\/vc_column_text][vc_column_text el_class=&#8221;negre&#8221;]Els alineadors Invisalign s\u00f3n invisibles, removibles i personalitzats. Canvia els teus alineadors cada 7-15 dies per moure les dents cap a la posici\u00f3 adequada. Invisalign et permet raspallar-te les dents i menjar sense restriccions mentre mantenes una est\u00e8tica impecable.[\/vc_column_text][\/vc_column][\/vc_row][vc_row content_placement=&#8221;middle&#8221; css_animation=&#8221;none&#8221; el_class=&#8221;laclinica&#8221; css=&#8221;.vc_custom_1617896988632{padding-bottom: 10vw !important;}&#8221;][vc_column width=&#8221;1\/2&#8243; css=&#8221;.vc_custom_1616757811868{padding-right: 4vw !important;}&#8221;][vc_column_text css=&#8221;.vc_custom_1644502356335{margin-bottom: 2vw !important;}&#8221;]<\/p>\n<h3>Ortod\u00f2ncia amb Brackets Met\u00e0l\u00b7lics i Est\u00e8tics<\/h3>\n<p>[\/vc_column_text][vc_column_text el_class=&#8221;negre&#8221;]Aquest m\u00e8tode tradicional utilitza br\u00e0quets col\u00b7locats a la cara exterior de la dent. Oferim tant la versi\u00f3 cl\u00e0ssica de br\u00e0quets met\u00e0l\u00b7lics com la versi\u00f3 est\u00e8tica de br\u00e0quets cer\u00e0mics, ideals per als que busquen un tractament funcional i discret. La seva efectivitat i relaci\u00f3 qualitat-preu els converteixen en una opci\u00f3 molt accessible.[\/vc_column_text][\/vc_column][vc_column width=&#8221;1\/2&#8243; css=&#8221;.vc_custom_1644502775022{padding-left: 4vw !important;}&#8221;][vc_single_image image=&#8221;558&#8243; img_size=&#8221;large&#8221; css_animation=&#8221;bottom-to-top&#8221; el_class=&#8221;homepage-image-intro&#8221;][\/vc_column][\/vc_row][vc_row full_width=&#8221;stretch_row&#8221; content_placement=&#8221;middle&#8221; css_animation=&#8221;none&#8221; el_class=&#8221;laclinica&#8221; css=&#8221;.vc_custom_1644401341194{padding-top: 6vw !important;padding-bottom: 6vw !important;background-color: #f5f5f5 !important;}&#8221;][vc_column css=&#8221;.vc_custom_1616757811868{padding-right: 4vw !important;}&#8221;][vc_column_text css=&#8221;.vc_custom_1667474789706{margin-bottom: 2vw !important;}&#8221;]<\/p>\n<h2>Com \u00e9s un tractament d&#8217;ortod\u00f2ncia?<\/h2>\n<p>[\/vc_column_text][vc_row_inner css=&#8221;.vc_custom_1644401845749{padding-top: 4vw !important;}&#8221;][vc_column_inner][vc_column_text css=&#8221;.vc_custom_1644502500367{margin-bottom: 4vw !important;}&#8221;]<\/p>\n<h3>1. Primera visita d&#8217;ortod\u00f2ncia<\/h3>\n<p>[\/vc_column_text][vc_column_text el_class=&#8221;negre&#8221;]A la teva primera visita a <span style=\"color: #000000;\"><a style=\"color: #000000;\" href=\"https:\/\/ibclinicadental.com\/ca\/contacte\">IB Cl\u00ednica Dental Tarragona<\/a><\/span> , la Dra. B\u00e1rbara Anento avaluar\u00e0 les teves necessitats i expectatives en un ambient acollidor i professional. Exposem totes les opcions disponibles perqu\u00e8 prengueu una decisi\u00f3 informada.[\/vc_column_text][vc_column_text css=&#8221;.vc_custom_1644502507182{margin-bottom: 2vw !important;padding-top: 4vw !important;}&#8221;]<\/p>\n<h3>2. Estudi d&#8217;ortod\u00f2ncia<\/h3>\n<p>[\/vc_column_text][vc_column_text el_class=&#8221;negre&#8221;]Realitzem una an\u00e0lisi exhaustiva que inclou fotos extraordin\u00e0ries, fotos intraorals, radiografies, escanejat digital i, en alguns casos, TAC en 3D. Aix\u00f2 ens ajuda a garantir la precisi\u00f3 del diagn\u00f2stic i el tractament.[\/vc_column_text][vc_column_text css=&#8221;.vc_custom_1644502512314{margin-bottom: 2vw !important;padding-top: 4vw !important;}&#8221;]<\/p>\n<h3>3. Diagn\u00f2stic, Planificaci\u00f3 i Comunicaci\u00f3<\/h3>\n<p>[\/vc_column_text][vc_column_text el_class=&#8221;negre&#8221;]Un cop obtingut el diagn\u00f2stic, t&#8217;expliquem les opcions disponibles (brackets met\u00e0l\u00b7lics, cer\u00e0mics o Invisalign) i creem un pla de tractament personalitzat que millori la salut i est\u00e8tica de la teva boca.[\/vc_column_text][vc_column_text css=&#8221;.vc_custom_1644502517782{margin-bottom: 2vw !important;padding-top: 4vw !important;}&#8221;]<\/p>\n<h3>4. Fases del tractament d&#8217;ortod\u00f2ncia<\/h3>\n<p>[\/vc_column_text][vc_column_text el_class=&#8221;negre&#8221;]FASE D&#8217;ANIVELLAMENT I ALINEACI\u00d3 Posar les dents rectes \u00e9s el primer pas i el m\u00e9s senzill.<\/p>\n<p>FASE DE TREBALL Ens centrem a tancar espais i alinear la mossegada perqu\u00e8 la teva boca funcioni correctament.<\/p>\n<p>FASE D&#8217;ACABAT Perfeccionem petits detalls per harmonitzar el somriure i garantir-ne un resultat ideal.[\/vc_column_text][vc_column_text css=&#8221;.vc_custom_1644502523525{margin-bottom: 2vw !important;padding-top: 4vw !important;}&#8221;]<\/p>\n<h3>5. Retenci\u00f3<\/h3>\n<p>[\/vc_column_text][vc_column_text el_class=&#8221;negre&#8221;]Col\u00b7loquem sistemes de retenci\u00f3 fixa i removible per mantenir els resultats aconseguits. Inclou garantia per un any en cas de ruptura o desgast. Tamb\u00e9 fem controls a l&#8217;any i als dos anys per assegurar que tot segueix en perfecte estat.[\/vc_column_text][\/vc_column_inner][\/vc_row_inner][\/vc_column][\/vc_row]<\/p>\n<\/div>","protected":false},"excerpt":{"rendered":"<p>[vc_row full_width=&#8221;stretch_row&#8221; content_placement=&#8221;middle&#8221; css_animation=&#8221;none&#8221; el_class=&#8221;laclinica&#8221; css=&#8221;.vc_custom_1644494633535{padding-top: 4vw !important;padding-bottom: 4vw !important;background-color: #ffffff !important;}&#8221;][vc_column][vc_row_inner content_placement=&#8221;top&#8221; css=&#8221;.vc_custom_1644494371713{padding-bottom: 4vw !important;}&#8221;][vc_column_inner][vc_column_text css=&#8221;&#8221;] Ortod\u00f2ncia Invisible i Tractaments Dentals a Tarragona [\/vc_column_text][vc_separator color=&#8221;black&#8221;][\/vc_column_inner][\/vc_row_inner][vc_row_inner content_placement=&#8221;top&#8221; css=&#8221;.vc_custom_1644502720790{padding-top: 6vw !important;}&#8221;][vc_column_inner][vc_column_text css=&#8221;.vc_custom_1675099874197{margin-bottom: 30px !important;}&#8221;] Invisalign a Tarragona &#8211; Ortod\u00f2ncia Invisible Personalitzada [\/vc_column_text][vc_empty_space height=&#8221;20&#8243;][vc_column_text el_class=&#8221;negre&#8221;]A IB Cl\u00ednica Dental Tarragona som especialistes en ortod\u00f2ncia invisible amb Invisalign, una&hellip;<\/p>\n","protected":false},"author":2,"featured_media":0,"parent":0,"menu_order":0,"comment_status":"closed","ping_status":"closed","template":"","meta":{"_acf_changed":false,"_monsterinsights_skip_tracking":false,"_monsterinsights_sitenote_active":false,"_monsterinsights_sitenote_note":"","_monsterinsights_sitenote_category":0,"footnotes":""},"class_list":["post-919","page","type-page","status-publish","hentry"],"acf":[],"yoast_head":"<!-- This site is optimized with the Yoast SEO plugin v26.7 - https:\/\/yoast.com\/wordpress\/plugins\/seo\/ -->\n<title>Ortod\u00f2ncia Invisible a Tarragona | IB Cl\u00ednica Dental Tarragona<\/title>\n<meta name=\"description\" content=\"Proveu els nostres tractaments d&#039;ortod\u00f2ncia invisible a Tarragona amb Invisalign. Somriu amb confian\u00e7a i demana la teva cita ara!\" \/>\n<meta name=\"robots\" content=\"index, follow, max-snippet:-1, max-image-preview:large, max-video-preview:-1\" \/>\n<link rel=\"canonical\" href=\"https:\/\/ibclinicadental.com\/ca\/invisalign-tarragona\" \/>\n<meta property=\"og:locale\" content=\"ca_ES\" \/>\n<meta property=\"og:type\" content=\"article\" \/>\n<meta property=\"og:title\" content=\"Ortod\u00f2ncia Invisible a Tarragona | IB Cl\u00ednica Dental Tarragona\" \/>\n<meta property=\"og:description\" content=\"Proveu els nostres tractaments d&#039;ortod\u00f2ncia invisible a Tarragona amb Invisalign. Somriu amb confian\u00e7a i demana la teva cita ara!\" \/>\n<meta property=\"og:url\" content=\"https:\/\/ibclinicadental.com\/ca\/invisalign-tarragona\" \/>\n<meta property=\"og:site_name\" content=\"IB Clinica Dental\" \/>\n<meta property=\"article:modified_time\" content=\"2025-03-31T11:57:01+00:00\" \/>\n<meta name=\"twitter:card\" content=\"summary_large_image\" \/>\n<meta name=\"twitter:label1\" content=\"Temps estimat de lectura\" \/>\n\t<meta name=\"twitter:data1\" content=\"5 minuts\" \/>\n<script type=\"application\/ld+json\" class=\"yoast-schema-graph\">{\"@context\":\"https:\/\/schema.org\",\"@graph\":[{\"@type\":\"WebPage\",\"@id\":\"https:\/\/ibclinicadental.com\/ca\/invisalign-tarragona\",\"url\":\"https:\/\/ibclinicadental.com\/ca\/invisalign-tarragona\",\"name\":\"Ortod\u00f2ncia Invisible a Tarragona | IB Cl\u00ednica Dental Tarragona\",\"isPartOf\":{\"@id\":\"https:\/\/ibclinicadental.com\/ca#website\"},\"datePublished\":\"2023-01-30T17:29:25+00:00\",\"dateModified\":\"2025-03-31T11:57:01+00:00\",\"description\":\"Proveu els nostres tractaments d'ortod\u00f2ncia invisible a Tarragona amb Invisalign. Somriu amb confian\u00e7a i demana la teva cita ara!\",\"breadcrumb\":{\"@id\":\"https:\/\/ibclinicadental.com\/ca\/invisalign-tarragona#breadcrumb\"},\"inLanguage\":\"ca\",\"potentialAction\":[{\"@type\":\"ReadAction\",\"target\":[\"https:\/\/ibclinicadental.com\/ca\/invisalign-tarragona\"]}]},{\"@type\":\"BreadcrumbList\",\"@id\":\"https:\/\/ibclinicadental.com\/ca\/invisalign-tarragona#breadcrumb\",\"itemListElement\":[{\"@type\":\"ListItem\",\"position\":1,\"name\":\"Portada\",\"item\":\"https:\/\/ibclinicadental.com\/ca\"},{\"@type\":\"ListItem\",\"position\":2,\"name\":\"Invisalign Tarragona\"}]},{\"@type\":\"WebSite\",\"@id\":\"https:\/\/ibclinicadental.com\/ca#website\",\"url\":\"https:\/\/ibclinicadental.com\/ca\",\"name\":\"IB Clinica Dental\",\"description\":\"Clinica Dental en Tarragona. Excelencia en Odontolog\u00eda\",\"potentialAction\":[{\"@type\":\"SearchAction\",\"target\":{\"@type\":\"EntryPoint\",\"urlTemplate\":\"https:\/\/ibclinicadental.com\/ca?s={search_term_string}\"},\"query-input\":{\"@type\":\"PropertyValueSpecification\",\"valueRequired\":true,\"valueName\":\"search_term_string\"}}],\"inLanguage\":\"ca\"}]}<\/script>\n<!-- \/ Yoast SEO plugin. -->","yoast_head_json":{"title":"Ortod\u00f2ncia Invisible a Tarragona | IB Cl\u00ednica Dental Tarragona","description":"Proveu els nostres tractaments d'ortod\u00f2ncia invisible a Tarragona amb Invisalign. Somriu amb confian\u00e7a i demana la teva cita ara!","robots":{"index":"index","follow":"follow","max-snippet":"max-snippet:-1","max-image-preview":"max-image-preview:large","max-video-preview":"max-video-preview:-1"},"canonical":"https:\/\/ibclinicadental.com\/ca\/invisalign-tarragona","og_locale":"ca_ES","og_type":"article","og_title":"Ortod\u00f2ncia Invisible a Tarragona | IB Cl\u00ednica Dental Tarragona","og_description":"Proveu els nostres tractaments d'ortod\u00f2ncia invisible a Tarragona amb Invisalign. Somriu amb confian\u00e7a i demana la teva cita ara!","og_url":"https:\/\/ibclinicadental.com\/ca\/invisalign-tarragona","og_site_name":"IB Clinica Dental","article_modified_time":"2025-03-31T11:57:01+00:00","twitter_card":"summary_large_image","twitter_misc":{"Temps estimat de lectura":"5 minuts"},"schema":{"@context":"https:\/\/schema.org","@graph":[{"@type":"WebPage","@id":"https:\/\/ibclinicadental.com\/ca\/invisalign-tarragona","url":"https:\/\/ibclinicadental.com\/ca\/invisalign-tarragona","name":"Ortod\u00f2ncia Invisible a Tarragona | IB Cl\u00ednica Dental Tarragona","isPartOf":{"@id":"https:\/\/ibclinicadental.com\/ca#website"},"datePublished":"2023-01-30T17:29:25+00:00","dateModified":"2025-03-31T11:57:01+00:00","description":"Proveu els nostres tractaments d'ortod\u00f2ncia invisible a Tarragona amb Invisalign. Somriu amb confian\u00e7a i demana la teva cita ara!","breadcrumb":{"@id":"https:\/\/ibclinicadental.com\/ca\/invisalign-tarragona#breadcrumb"},"inLanguage":"ca","potentialAction":[{"@type":"ReadAction","target":["https:\/\/ibclinicadental.com\/ca\/invisalign-tarragona"]}]},{"@type":"BreadcrumbList","@id":"https:\/\/ibclinicadental.com\/ca\/invisalign-tarragona#breadcrumb","itemListElement":[{"@type":"ListItem","position":1,"name":"Portada","item":"https:\/\/ibclinicadental.com\/ca"},{"@type":"ListItem","position":2,"name":"Invisalign Tarragona"}]},{"@type":"WebSite","@id":"https:\/\/ibclinicadental.com\/ca#website","url":"https:\/\/ibclinicadental.com\/ca","name":"IB Clinica Dental","description":"Clinica Dental en Tarragona. Excelencia en Odontolog\u00eda","potentialAction":[{"@type":"SearchAction","target":{"@type":"EntryPoint","urlTemplate":"https:\/\/ibclinicadental.com\/ca?s={search_term_string}"},"query-input":{"@type":"PropertyValueSpecification","valueRequired":true,"valueName":"search_term_string"}}],"inLanguage":"ca"}]}},"_links":{"self":[{"href":"https:\/\/ibclinicadental.com\/ca\/wp-json\/wp\/v2\/pages\/919","targetHints":{"allow":["GET"]}}],"collection":[{"href":"https:\/\/ibclinicadental.com\/ca\/wp-json\/wp\/v2\/pages"}],"about":[{"href":"https:\/\/ibclinicadental.com\/ca\/wp-json\/wp\/v2\/types\/page"}],"author":[{"embeddable":true,"href":"https:\/\/ibclinicadental.com\/ca\/wp-json\/wp\/v2\/users\/2"}],"replies":[{"embeddable":true,"href":"https:\/\/ibclinicadental.com\/ca\/wp-json\/wp\/v2\/comments?post=919"}],"version-history":[{"count":37,"href":"https:\/\/ibclinicadental.com\/ca\/wp-json\/wp\/v2\/pages\/919\/revisions"}],"predecessor-version":[{"id":1937,"href":"https:\/\/ibclinicadental.com\/ca\/wp-json\/wp\/v2\/pages\/919\/revisions\/1937"}],"wp:attachment":[{"href":"https:\/\/ibclinicadental.com\/ca\/wp-json\/wp\/v2\/media?parent=919"}],"curies":[{"name":"wp","href":"https:\/\/api.w.org\/{rel}","templated":true}]}}